{"id":3375,"date":"2023-02-13T14:56:59","date_gmt":"2023-02-13T13:56:59","guid":{"rendered":"https:\/\/amqg-aufg.org\/elternunterstuetzung\/"},"modified":"2025-12-03T11:52:05","modified_gmt":"2025-12-03T10:52:05","slug":"elternunterstuetzung","status":"publish","type":"page","link":"https:\/\/amqg-aufg.org\/de\/elternunterstuetzung\/","title":{"rendered":"Elternunterst\u00fctzung"},"content":{"rendered":"\n<style type=\"text\/css\" data-created_by=\"avia_inline_auto\" id=\"style-css-av-4d0x4o-0d3d3a8f0460c07f3ef5a62a835ec2c9\">\n.avia-section.av-4d0x4o-0d3d3a8f0460c07f3ef5a62a835ec2c9{\nbackground-repeat:no-repeat;\nbackground-image:url(https:\/\/amqg-aufg.org\/wp-content\/uploads\/2025\/09\/jeunes-libres-etre-comme-ils-sont-AMQG.jpg);\nbackground-position:50% 0%;\nbackground-attachment:scroll;\nmargin-top:0px;\nmargin-bottom:80px;\nz-index:10;\nposition:relative;\n}\n.av-curtain-footer.av-curtain-activated #main .avia-section.av-4d0x4o-0d3d3a8f0460c07f3ef5a62a835ec2c9{\nz-index:10;\n}\n.avia-section.av-4d0x4o-0d3d3a8f0460c07f3ef5a62a835ec2c9 .av-section-color-overlay{\nopacity:0.9;\nbackground-color:#009297;\n}\n<\/style>\n<div id='service'  class='avia-section av-4d0x4o-0d3d3a8f0460c07f3ef5a62a835ec2c9 main_color avia-section-default avia-no-border-styling  avia-builder-el-0  el_before_av_layout_row  avia-builder-el-first  avia-full-stretch avia-bg-style-scroll av-section-color-overlay-active av-custom-positioned av-minimum-height av-minimum-height-50 av-height-50  container_wrap fullsize'  data-section-bg-repeat='stretch' data-av_minimum_height_pc='50' data-av_min_height_opt='50'><div class=\"av-section-color-overlay-wrap\"><div class=\"av-section-color-overlay\"><\/div><div class='container av-section-cont-open' ><main  role=\"main\" itemprop=\"mainContentOfPage\"  class='template-page content  av-content-full alpha units'><div class='post-entry post-entry-type-page post-entry-3375'><div class='entry-content-wrapper clearfix'>\n<div  class='flex_column av-1yexzjc-c7f8c77e427e7b594105b40d761c22ba av_one_half  avia-builder-el-1  el_before_av_one_half  avia-builder-el-first  first flex_column_div av-animated-generic pop-up  '     ><p>\n<style type=\"text\/css\" data-created_by=\"avia_inline_auto\" id=\"style-css-av-megp4gqj-70eededcb8bd74ea02c881a5f5b105d9\">\n#top .av-special-heading.av-megp4gqj-70eededcb8bd74ea02c881a5f5b105d9{\npadding-bottom:10px;\ncolor:#ffffff;\n}\nbody .av-special-heading.av-megp4gqj-70eededcb8bd74ea02c881a5f5b105d9 .av-special-heading-tag .heading-char{\nfont-size:25px;\n}\n.av-special-heading.av-megp4gqj-70eededcb8bd74ea02c881a5f5b105d9 .special-heading-inner-border{\nborder-color:#ffffff;\n}\n.av-special-heading.av-megp4gqj-70eededcb8bd74ea02c881a5f5b105d9 .av-subheading{\nfont-size:15px;\ncolor:#ffffff;\n}\nbody .av-special-heading.av-megp4gqj-70eededcb8bd74ea02c881a5f5b105d9 .av-special-heading-tag .heading-wrap:before{\nborder-color:#ffffff;\n}\nbody .av-special-heading.av-megp4gqj-70eededcb8bd74ea02c881a5f5b105d9 .av-special-heading-tag .heading-wrap:after{\nborder-color:#ffffff;\n}\n<\/style>\n<div  class='av-special-heading av-megp4gqj-70eededcb8bd74ea02c881a5f5b105d9 av-special-heading-h1 custom-color-heading blockquote modern-quote  avia-builder-el-2  el_before_av_textblock  avia-builder-el-first '><div class='av_custom_color av-subheading av-subheading_above'><p>AUFG<\/p>\n<\/div><h1 class='av-special-heading-tag '  itemprop=\"headline\"  >Eltern von Kindern mit Geschlechtsidentit\u00e4tsfragen<\/h1><div class=\"special-heading-border\"><div class=\"special-heading-inner-border\"><\/div><\/div><\/div><br \/>\n\n<style type=\"text\/css\" data-created_by=\"avia_inline_auto\" id=\"style-css-av-megpjpy2-f892793a9caa8de98084bfacf6bb798a\">\n#top .av_textblock_section.av-megpjpy2-f892793a9caa8de98084bfacf6bb798a .avia_textblock{\nfont-size:18px;\ncolor:#ffffff;\n}\n<\/style>\n<section  class='av_textblock_section av-megpjpy2-f892793a9caa8de98084bfacf6bb798a '   itemscope=\"itemscope\" itemtype=\"https:\/\/schema.org\/CreativeWork\" ><div class='avia_textblock av_inherit_color'  itemprop=\"text\" ><h3>Wenn die Schweizer Medizin die schnelle \u201eTransition\u201c junger Menschen f\u00f6rdert, ohne die Ursachen ihres Unbehagens zu erforschen und die Rolle der Eltern marginalisiert.<\/h3>\n<\/div><\/section><br \/>\n\n<style type=\"text\/css\" data-created_by=\"avia_inline_auto\" id=\"style-css-av-8r3pyg-25461fd0706a873e7af18e505db2b217\">\n#top .hr.hr-invisible.av-8r3pyg-25461fd0706a873e7af18e505db2b217{\nheight:30px;\n}\n<\/style>\n<div  class='hr av-8r3pyg-25461fd0706a873e7af18e505db2b217 hr-invisible  avia-builder-el-4  el_after_av_textblock  el_before_av_buttonrow '><span class='hr-inner '><span class=\"hr-inner-style\"><\/span><\/span><\/div><br \/>\n<div  class='avia-buttonrow-wrap av-7k5q3c-cc15473bf145b8603a7e3843b15eebc7 avia-buttonrow-right  avia-builder-el-5  el_after_av_hr  avia-builder-el-last '>\n\n<style type=\"text\/css\" data-created_by=\"avia_inline_auto\" id=\"style-css-av-68ru20-471a6198647cebe5e1523a60d8afb6f8\">\n#top #wrap_all .avia-button.av-68ru20-471a6198647cebe5e1523a60d8afb6f8{\nmargin-bottom:1px;\nmargin-left:1px;\n}\n<\/style>\n<a href='https:\/\/donate.raisenow.io\/zygdh?lng=de'  class='avia-button av-68ru20-471a6198647cebe5e1523a60d8afb6f8 avia-icon_select-yes-left-icon avia-size-medium av-icon-on-hover avia-color-theme-color'  target=\"_blank\"  rel=\"noopener noreferrer\"  aria-label=\"SPENDEN - TWINT\"><span class='avia_button_icon avia_button_icon_left avia-svg-icon avia-font-svg_entypo-fontello' data-av_svg_icon='level-down' data-av_iconset='svg_entypo-fontello'><svg version=\"1.1\" xmlns=\"http:\/\/www.w3.org\/2000\/svg\" width=\"24\" height=\"32\" viewBox=\"0 0 24 32\" preserveAspectRatio=\"xMidYMid meet\" aria-labelledby='av-svg-title-1' aria-describedby='av-svg-desc-1' role=\"graphics-symbol\">\n<title id='av-svg-title-1'>Level-down<\/title>\n<desc id='av-svg-desc-1'>Level-down<\/desc>\n<path d=\"M3.2 20.8q-1.344 0-2.272-0.96t-0.928-2.24v-11.2h4.48v9.92h11.648v-4.8l7.68 7.040-7.68 7.040v-4.8h-12.928z\"><\/path>\n<\/svg><\/span><span class='avia_iconbox_title' >SPENDEN - TWINT<\/span><\/a>\n\n<style type=\"text\/css\" data-created_by=\"avia_inline_auto\" id=\"style-css-av-4knwtk-aa3a3f004b96a1eff2644d4f50720c6c\">\n#top #wrap_all .avia-button.av-4knwtk-aa3a3f004b96a1eff2644d4f50720c6c{\nmargin-bottom:1px;\nmargin-left:1px;\n}\n<\/style>\n<a href='https:\/\/amqg-aufg.org\/de\/der-aufruf-der-amqg\/'  class='avia-button av-4knwtk-aa3a3f004b96a1eff2644d4f50720c6c avia-icon_select-yes-left-icon avia-size-medium av-icon-on-hover avia-color-theme-color'   aria-label=\"AUFRUF UNTERZEICHNEN\"><span class='avia_button_icon avia_button_icon_left avia-svg-icon avia-font-svg_entypo-fontello' data-av_svg_icon='level-down' data-av_iconset='svg_entypo-fontello'><svg version=\"1.1\" xmlns=\"http:\/\/www.w3.org\/2000\/svg\" width=\"24\" height=\"32\" viewBox=\"0 0 24 32\" preserveAspectRatio=\"xMidYMid meet\" aria-labelledby='av-svg-title-2' aria-describedby='av-svg-desc-2' role=\"graphics-symbol\">\n<title id='av-svg-title-2'>Level-down<\/title>\n<desc id='av-svg-desc-2'>Level-down<\/desc>\n<path d=\"M3.2 20.8q-1.344 0-2.272-0.96t-0.928-2.24v-11.2h4.48v9.92h11.648v-4.8l7.68 7.040-7.68 7.040v-4.8h-12.928z\"><\/path>\n<\/svg><\/span><span class='avia_iconbox_title' >AUFRUF UNTERZEICHNEN<\/span><\/a>\n\n<style type=\"text\/css\" data-created_by=\"avia_inline_auto\" id=\"style-css-av-1u4vx4-da170ff5ef2dbb224bd7412962f00d97\">\n#top #wrap_all .avia-button.av-1u4vx4-da170ff5ef2dbb224bd7412962f00d97{\nmargin-bottom:1px;\nmargin-left:1px;\n}\n<\/style>\n<a href='https:\/\/amqg-aufg.org\/de\/mitglied-werden\/'  class='avia-button av-1u4vx4-da170ff5ef2dbb224bd7412962f00d97 avia-icon_select-yes-left-icon avia-size-medium av-icon-on-hover avia-color-theme-color'   aria-label=\"MITGLIED WERDEN\"><span class='avia_button_icon avia_button_icon_left avia-svg-icon avia-font-svg_entypo-fontello' data-av_svg_icon='level-down' data-av_iconset='svg_entypo-fontello'><svg version=\"1.1\" xmlns=\"http:\/\/www.w3.org\/2000\/svg\" width=\"24\" height=\"32\" viewBox=\"0 0 24 32\" preserveAspectRatio=\"xMidYMid meet\" aria-labelledby='av-svg-title-3' aria-describedby='av-svg-desc-3' role=\"graphics-symbol\">\n<title id='av-svg-title-3'>Level-down<\/title>\n<desc id='av-svg-desc-3'>Level-down<\/desc>\n<path d=\"M3.2 20.8q-1.344 0-2.272-0.96t-0.928-2.24v-11.2h4.48v9.92h11.648v-4.8l7.68 7.040-7.68 7.040v-4.8h-12.928z\"><\/path>\n<\/svg><\/span><span class='avia_iconbox_title' >MITGLIED WERDEN<\/span><\/a>\n<\/div><\/p><\/div><div  class='flex_column av-2vx1yw-8eb7b4d1c8eee20fea02b3c941f96cb9 av_one_half  avia-builder-el-6  el_after_av_one_half  avia-builder-el-last  flex_column_div  '     ><\/div>\n\n<\/div><\/div><\/main><!-- close content main element --><\/div><\/div><\/div><div id='objectif'  class='av-layout-grid-container av-12icjag-0123d032730511f31543babcb119d466 entry-content-wrapper main_color av-flex-cells av-break-at-tablet  avia-builder-el-7  el_after_av_section  el_before_av_layout_row  av-cell-min-height av-cell-min-height-75 grid-row-not-first  container_wrap fullsize'   data-av_minimum_height_pc='75'>\n\n<style type=\"text\/css\" data-created_by=\"avia_inline_auto\" id=\"style-css-av-11zxljs-ad5f92eac3a852aa8fe61a324d23a879\">\n.flex_cell.av-11zxljs-ad5f92eac3a852aa8fe61a324d23a879{\nvertical-align:middle;\n}\n.responsive #top #wrap_all .flex_cell.av-11zxljs-ad5f92eac3a852aa8fe61a324d23a879{\npadding:30px 30px 30px 30px !important;\n}\n<\/style>\n<div class='flex_cell av-11zxljs-ad5f92eac3a852aa8fe61a324d23a879 av-gridrow-cell av_one_half no_margin  avia-builder-el-8  el_before_av_cell_one_half  avia-builder-el-first  content-align-middle'  ><div class='flex_cell_inner'>\n<style type=\"text\/css\" data-created_by=\"avia_inline_auto\" id=\"style-css-av-6016w8-30088ce44e22f96a96adf5aeb384fc50\">\n.flex_column.av-6016w8-30088ce44e22f96a96adf5aeb384fc50{\npadding:30px 30px 30px 30px;\n}\n<\/style>\n<div  class='flex_column av-6016w8-30088ce44e22f96a96adf5aeb384fc50 av_one_full  avia-builder-el-9  avia-builder-el-no-sibling  first flex_column_div av-animated-generic pop-up  '     ><p>\n<style type=\"text\/css\" data-created_by=\"avia_inline_auto\" id=\"style-css-av-4rl6l4-e4ed8a088e8b01ee9e0923414ff1c71c\">\n#top .av-special-heading.av-4rl6l4-e4ed8a088e8b01ee9e0923414ff1c71c{\npadding-bottom:10px;\n}\nbody .av-special-heading.av-4rl6l4-e4ed8a088e8b01ee9e0923414ff1c71c .av-special-heading-tag .heading-char{\nfont-size:25px;\n}\n.av-special-heading.av-4rl6l4-e4ed8a088e8b01ee9e0923414ff1c71c .av-subheading{\nfont-size:15px;\n}\n<\/style>\n<div  class='av-special-heading av-4rl6l4-e4ed8a088e8b01ee9e0923414ff1c71c av-special-heading-h2 blockquote modern-quote modern-centered  avia-builder-el-10  el_before_av_textblock  avia-builder-el-first '><h2 class='av-special-heading-tag '  itemprop=\"headline\"  >Sagt Ihr Kind, es sei vom anderen Geschlecht?<\/h2><div class=\"special-heading-border\"><div class=\"special-heading-inner-border\"><\/div><\/div><\/div><br \/>\n<section  class='av_textblock_section av-2enwuw-c38cf2238f343542d82649e37987072d '   itemscope=\"itemscope\" itemtype=\"https:\/\/schema.org\/CreativeWork\" ><div class='avia_textblock'  itemprop=\"text\" ><p data-renderer-start-pos=\"509\"><strong>Eltern von \u201eTrans\u201c-Kindern, besorgt? Ja, aber mit klarem Verstand! Klar denkend angesichts der politischen, medizinischen und wirtschaftlichen Herausforderungen dieser fr\u00fchen Medizinisierung. Klar denkend angesichts der dringenden Notwendigkeit, zu verlangsamen, zuzuh\u00f6ren, zu begleiten. Und vor allem, die Frage des Sinns \u2013 und nicht nur des <em>Geschlechts<\/em> \u2013 wieder in den Mittelpunkt der \u00dcberlegungen zu r\u00fccken.    <\/strong><\/p>\n<p data-renderer-start-pos=\"509\">In der Schweiz wie anderswo ist die Frage der Begleitung von Jugendlichen in Geschlechtsidentit\u00e4tsfindung zu einer echten medizinischen, ethischen und gesellschaftlichen Herausforderung geworden. Eine wachsende Besorgnis entsteht hinsichtlich der Fr\u00fchzeitigkeit der Minderj\u00e4hrigen angebotenen Interventionen \u2013 oft ohne eingehende Untersuchung der zugrunde liegenden Ursachen der Geschlechtsdysphorie. <\/p>\n<p><span class=\"wixui-rich-text__text\"><span class=\"color_20 wixui-rich-text__text\">Seit ihrer Gr\u00fcndung im Jahr 2021 durch den Vater und die Stiefmutter von Lou* stand die AMQG-AUFG mit \u00fcber hundert Familien in der ganzen Schweiz sowie mit Familien in Frankreich, \u00d6sterreich und Deutschland in Kontakt.<\/span><\/span><\/p>\n<p><span class=\"color_42 wixui-rich-text__text\">\u00dcberall berichten Eltern von der Pl\u00f6tzlichkeit der Bekanntgabe einer \u201etransgender\u201c Identit\u00e4t bei einem Kind oder Jugendlichen in Not \u2013 mit einem hohen Prozentsatz an autistischen Z\u00fcgen, verschiedenen psychischen St\u00f6rungen, Traumata oder aufkeimender Homosexualit\u00e4t \u2013 und \u00fcberall erhalten sie die gleichen Antworten.<\/span><\/p>\n<\/div><\/section><\/p><\/div>\n<\/div><\/div>\n<style type=\"text\/css\" data-created_by=\"avia_inline_auto\" id=\"style-css-av-y8np6w-5e81729fcdb7e614d519bb42314cfaa5\">\n.flex_cell.av-y8np6w-5e81729fcdb7e614d519bb42314cfaa5{\nvertical-align:middle;\n}\n.responsive #top #wrap_all .flex_cell.av-y8np6w-5e81729fcdb7e614d519bb42314cfaa5{\npadding:15px 30px 15px 30px !important;\n}\n<\/style>\n<div class='flex_cell av-y8np6w-5e81729fcdb7e614d519bb42314cfaa5 av-gridrow-cell av_one_half no_margin  avia-builder-el-12  el_after_av_cell_one_half  avia-builder-el-last  content-align-middle'  ><div class='flex_cell_inner'>\n<style type=\"text\/css\" data-created_by=\"avia_inline_auto\" id=\"style-css-av-zaaic8-4334bb0b68066a24388b790401575c06\">\n.flex_column.av-zaaic8-4334bb0b68066a24388b790401575c06{\npadding:50px 50px 50px 50px;\nbackground-color:#34b6c7;\n}\n<\/style>\n<div  class='flex_column av-zaaic8-4334bb0b68066a24388b790401575c06 av_one_full  avia-builder-el-13  avia-builder-el-no-sibling  first flex_column_div av-animated-generic pop-up  '     ><p>\n<style type=\"text\/css\" data-created_by=\"avia_inline_auto\" id=\"style-css-av-mftqie31-d3c7b9be69e403c672f1b870f7a1f74e\">\n#top .av-special-heading.av-mftqie31-d3c7b9be69e403c672f1b870f7a1f74e{\npadding-bottom:10px;\ncolor:#ffffff;\n}\nbody .av-special-heading.av-mftqie31-d3c7b9be69e403c672f1b870f7a1f74e .av-special-heading-tag .heading-char{\nfont-size:25px;\n}\n.av-special-heading.av-mftqie31-d3c7b9be69e403c672f1b870f7a1f74e .special-heading-inner-border{\nborder-color:#ffffff;\n}\n.av-special-heading.av-mftqie31-d3c7b9be69e403c672f1b870f7a1f74e .av-subheading{\nfont-size:15px;\n}\nbody .av-special-heading.av-mftqie31-d3c7b9be69e403c672f1b870f7a1f74e .av-special-heading-tag .heading-wrap:before{\nborder-color:#ffffff;\n}\nbody .av-special-heading.av-mftqie31-d3c7b9be69e403c672f1b870f7a1f74e .av-special-heading-tag .heading-wrap:after{\nborder-color:#ffffff;\n}\n<\/style>\n<div  class='av-special-heading av-mftqie31-d3c7b9be69e403c672f1b870f7a1f74e av-special-heading-h2 custom-color-heading blockquote modern-quote modern-centered  avia-builder-el-14  el_before_av_toggle_container  avia-builder-el-first '><h2 class='av-special-heading-tag '  itemprop=\"headline\"  >INFOX<\/h2><div class=\"special-heading-border\"><div class=\"special-heading-inner-border\"><\/div><\/div><\/div><br \/>\n\n<style type=\"text\/css\" data-created_by=\"avia_inline_auto\" id=\"style-css-av-mfvmm39x-7d7efde67494c7e70b69852ae96f7831\">\n#top .togglecontainer.av-mfvmm39x-7d7efde67494c7e70b69852ae96f7831 p.toggler{\ncolor:#ffffff;\nbackground-color:#34b6c7;\nborder-color:#ffffff;\n}\n#top .togglecontainer.av-mfvmm39x-7d7efde67494c7e70b69852ae96f7831 p.toggler .toggle_icon{\ncolor:#ffffff;\nborder-color:#ffffff;\n}\n#top .togglecontainer.av-mfvmm39x-7d7efde67494c7e70b69852ae96f7831 p.toggler .toggle_icon > span{\ncolor:#ffffff;\nborder-color:#ffffff;\n}\n#top .togglecontainer.av-mfvmm39x-7d7efde67494c7e70b69852ae96f7831 .toggle_wrap .toggle_content{\ncolor:#ffffff;\nbackground-color:#34b6c7;\nborder-color:#ffffff;\n}\n<\/style>\n<div  class='togglecontainer av-mfvmm39x-7d7efde67494c7e70b69852ae96f7831  avia-builder-el-15  el_after_av_heading  el_before_av_buttonrow  toggle_close_all' >\n<section class='av_toggle_section av-2qmieg-3cd8582a478731669ff647361125fb30'  itemscope=\"itemscope\" itemtype=\"https:\/\/schema.org\/CreativeWork\" ><div role=\"tablist\" class=\"single_toggle\" data-tags=\"{Alle} \"  ><p id='toggle-toggle-id-1' data-fake-id='#toggle-id-1' class='toggler  av-title-above av-inherit-border-color'  itemprop=\"headline\"  role='tab' tabindex='0' aria-controls='toggle-id-1' data-slide-speed=\"200\" data-title=\"\u201eEinige Kinder werden im falschen K\u00f6rper geboren, und nur sie k\u00f6nnen es uns sagen.\u201c\" data-title-open=\"\" data-aria_collapsed=\"Zum Vergr\u00f6ssern klicken: \u201eEinige Kinder werden im falschen K\u00f6rper geboren, und nur sie k\u00f6nnen es uns sagen.\u201c\" data-aria_expanded=\"Zum Ausblenden klicken: \u201eEinige Kinder werden im falschen K\u00f6rper geboren, und nur sie k\u00f6nnen es uns sagen.\u201c\">\u201eEinige Kinder werden im falschen K\u00f6rper geboren, und nur sie k\u00f6nnen es uns sagen.\u201c<span class=\"toggle_icon\"><span class=\"vert_icon\"><\/span><span class=\"hor_icon\"><\/span><\/span><\/p><div id='toggle-id-1' aria-labelledby='toggle-toggle-id-1' role='region' class='toggle_wrap  av-title-above'  ><div class='toggle_content invers-color av-inherit-border-color'  itemprop=\"text\" ><p>Es gibt keine wissenschaftliche Grundlage, um die Annahme zu st\u00fctzen, dass man mit einem Gehirn des einen Geschlechts und einem K\u00f6rper des anderen geboren wird. Um diese These zu untermauern, verweisen Aktivisten jedoch manchmal auf Studien, die darauf hindeuten, dass Personen, die sich dem anderen Geschlecht zuordnen, Affinit\u00e4ten zu dessen Mitgliedern haben. Wenn man jedoch die sexuelle Orientierung ber\u00fccksichtigt, sind die Ergebnisse eindeutig. <\/p>\n<p>Quelle: City Journal, November 2025 \u201eStudien zum Geschlecht des Transgender-Gehirns sind fehlerhaft\u201c:<a href=\"https:\/\/www.city-journal.org\/article\/transgender-brain-sex-studies-flawed\"> https:\/\/www.city-journal.org\/article\/transgender-brain-sex-studies-flawed<\/a><\/p>\n<\/div><\/div><\/div><\/section>\n<section class='av_toggle_section av-mfvmmoyg-57ce1e72f427771efde6e475e7b96c6a'  itemscope=\"itemscope\" itemtype=\"https:\/\/schema.org\/CreativeWork\" ><div role=\"tablist\" class=\"single_toggle\" data-tags=\"{Alle} \"  ><p id='toggle-toggle-id-2' data-fake-id='#toggle-id-2' class='toggler  av-title-above av-inherit-border-color'  itemprop=\"headline\"  role='tab' tabindex='0' aria-controls='toggle-id-2' data-slide-speed=\"200\" data-title=\"\u201eDiese Kinder und Jugendlichen haben ein sehr hohes Risiko, sich das Leben zu nehmen\u201c\" data-title-open=\"\" data-aria_collapsed=\"Zum Vergr\u00f6ssern klicken: \u201eDiese Kinder und Jugendlichen haben ein sehr hohes Risiko, sich das Leben zu nehmen\u201c\" data-aria_expanded=\"Zum Ausblenden klicken: \u201eDiese Kinder und Jugendlichen haben ein sehr hohes Risiko, sich das Leben zu nehmen\u201c\">\u201eDiese Kinder und Jugendlichen haben ein sehr hohes Risiko, sich das Leben zu nehmen\u201c<span class=\"toggle_icon\"><span class=\"vert_icon\"><\/span><span class=\"hor_icon\"><\/span><\/span><\/p><div id='toggle-id-2' aria-labelledby='toggle-toggle-id-2' role='region' class='toggle_wrap  av-title-above'  ><div class='toggle_content invers-color av-inherit-border-color'  itemprop=\"text\" ><h3>Suizidrisiken bei \u201etransgender\u201c oder \u201enicht-bin\u00e4ren\u201c Jugendlichen verstehen<\/h3>\n<p>Jugendliche, die sich als \u201etransgender\u201c identifizieren, weisen die gleiche Rate an Suizidgedanken auf wie Jugendliche, die an denselben Komorbidit\u00e4ten leiden (Depressionen, Anorexie, PTBS, Missbrauchsopfer, Selbstverletzungen usw.), und die Rate der Suizidversuche ist gl\u00fccklicherweise sehr gering (0,03 %). Soziale Netzwerke verst\u00e4rken manchmal die Angst mit alarmierenden oder vorschreibenden Botschaften, was die Notlage versch\u00e4rfen oder Entscheidungen beschleunigen kann. <\/p>\n<p><strong>Rolle der Eltern:<\/strong> urteilsfrei zuh\u00f6ren, auf Anzeichen echter Not achten, unvoreingenommene professionelle Unterst\u00fctzung suchen <em>(wichtig im aktuellen Kontext),<\/em> reversible Schritte f\u00f6rdern <em>(Kleidungsstil, Haarschnitt), <\/em>sportliche und famili\u00e4re Aktivit\u00e4ten f\u00f6rdern und der Identit\u00e4tserforschung Zeit lassen. Zur Erinnerung: Der pr\u00e4frontale Kortex reift erst mit etwa 25 Jahren aus. <\/p>\n<p><strong>Zusammenfassend<\/strong>: Leiden ernst nehmen, aber zwischen Gedanke und Tat unterscheiden und jede \u00dcbereilung zum Irreversiblen vermeiden.<\/p>\n<p><strong>N\u00fctzliche Referenzen:<\/strong><\/p>\n<ul>\n<li>SEGM, <a href=\"https:\/\/segm.org\/trans_youth_suicide_study\">trans youth suicide study<\/a><\/li>\n<li>Gov UK, NHS, Professor Appleby <a href=\"https:\/\/www.gov.uk\/government\/publications\/review-of-suicides-and-gender-dysphoria-at-the-tavistock-and-portman-nhs-foundation-trust\">Review of suicides and gender dysphoria at the Tavistock<\/a><\/li>\n<\/ul>\n<\/div><\/div><\/div><\/section>\n<section class='av_toggle_section av-mfvmmoyg-1-d66f373cc964ac2040ecbcf469fdb93b'  itemscope=\"itemscope\" itemtype=\"https:\/\/schema.org\/CreativeWork\" ><div role=\"tablist\" class=\"single_toggle\" data-tags=\"{Alle} \"  ><p id='toggle-toggle-id-3' data-fake-id='#toggle-id-3' class='toggler  av-title-above av-inherit-border-color'  itemprop=\"headline\"  role='tab' tabindex='0' aria-controls='toggle-id-3' data-slide-speed=\"200\" data-title=\"\u201eEs ist daher dringend geboten, die erkl\u00e4rte Identit\u00e4t des Jugendlichen sofort zu best\u00e4tigen (sozialer \u00dcbergang \u2026 auch in der Schule)\u201c\" data-title-open=\"\" data-aria_collapsed=\"Zum Vergr\u00f6ssern klicken: \u201eEs ist daher dringend geboten, die erkl\u00e4rte Identit\u00e4t des Jugendlichen sofort zu best\u00e4tigen (sozialer \u00dcbergang \u2026 auch in der Schule)\u201c\" data-aria_expanded=\"Zum Ausblenden klicken: \u201eEs ist daher dringend geboten, die erkl\u00e4rte Identit\u00e4t des Jugendlichen sofort zu best\u00e4tigen (sozialer \u00dcbergang \u2026 auch in der Schule)\u201c\">\u201eEs ist daher dringend geboten, die erkl\u00e4rte Identit\u00e4t des Jugendlichen sofort zu best\u00e4tigen (sozialer \u00dcbergang \u2026 auch in der Schule)\u201c<span class=\"toggle_icon\"><span class=\"vert_icon\"><\/span><span class=\"hor_icon\"><\/span><\/span><\/p><div id='toggle-id-3' aria-labelledby='toggle-toggle-id-3' role='region' class='toggle_wrap  av-title-above'  ><div class='toggle_content invers-color av-inherit-border-color'  itemprop=\"text\" ><h3>\u201eSoziale Transition\u201c und Adoleszenz: die Herausforderungen verstehen<\/h3>\n<p><strong>1. Drei verschiedene Logiken<\/strong><\/p>\n<ul>\n<li><strong>Militante \/ assoziative Logik:<\/strong> Betont die Dringlichkeit, die erkl\u00e4rte Identit\u00e4t des Jugendlichen (Vorname, Pronomen, Kleidung) sofort zu best\u00e4tigen. Basiert auf der Annahme, dass psychisches Leid hoch ist und soziale Anerkennung eine schnelle und reversible Erleichterung bringen w\u00fcrde. Dieser sehr dezidierte Diskurs erkl\u00e4rt Botschaften wie: \u201eMan muss es sofort best\u00e4tigen\u201c. Er basiert auf keiner wissenschaftlichen Studie.   <\/li>\n<li><strong>Medizinische \/ psychologische Logik (WPATH SOC\u20118, HAS, NHS, AAP):<\/strong> Die \u201esoziale Transition\u201c ist ein m\u00f6glicher, reversibler Schritt, der begleitet werden muss.<\/li>\n<li><strong>Psychotherapeutische Logik der wachsamen Wartehaltung:<\/strong> Die \u201esoziale Transition\u201c ist ein iatrogenes psychologisches Handeln, das den Jugendlichen in einer Gewissheit festh\u00e4lt, anstatt M\u00f6glichkeiten zu er\u00f6ffnen. Sie verhindert die Erforschung der Ursachen des Unbehagens, indem sie nur eine Antwort zul\u00e4sst. Sie f\u00fchrt sehr oft zur \u201emedizinischen Transition\u201c.  <\/li>\n<li><strong>Empfehlung:<\/strong> multidisziplin\u00e4re Evaluation, Diskussion mit den Eltern, psychologische Begleitung und Unterst\u00fctzung. Es gibt keine internationale Richtlinie, die besagt: \u201eimmer, sofort, ohne Evaluation\u201c. <\/li>\n<\/ul>\n<p><strong>2. Warum die Dringlichkeit manchmal angef\u00fchrt wird<\/strong><\/p>\n<p>Einige Studien (z.B. Russell et al., 2018, J Adolesc Health) zeigen, dass die Verwendung des gew\u00e4hlten Vornamens in verschiedenen Kontexten (Schule, Zuhause, Freunde) verbunden ist mit:<\/p>\n<ul>\n<li>71 % Reduktion des Risikos schwerer Depressionen<\/li>\n<li>65 % Reduktion des Risikos von Suizidgedanken<\/li>\n<\/ul>\n<p>Diese Ergebnisse haben die Vorstellung gen\u00e4hrt, dass jeder Tag ohne Anerkennung des Leidens = ein zus\u00e4tzlicher Tag des Leidens ist.<\/p>\n<p><strong>3. Grenzen der Studie und Vorsicht<\/strong><\/p>\n<ul>\n<li><strong>Querschnittsstudie:<\/strong> kein Nachweis der Kausalit\u00e4t. Die Verbesserung k\u00f6nnte von anderen Faktoren herr\u00fchren. <\/li>\n<li><strong>Selbstauskunft:<\/strong> Jugendliche geben selbst an, wie sie sich f\u00fchlen, was die Ergebnisse verf\u00e4lschen kann.<\/li>\n<li><strong>Selektionsbias:<\/strong> Teilnehmende sind oft bereits mit LGBTQ+-Netzwerken oder medizinischen Diensten verbunden.<\/li>\n<li><strong>M\u00f6gliche St\u00f6rfaktoren:<\/strong> famili\u00e4re Unterst\u00fctzung, Mobbing, soziales Umfeld.<\/li>\n<li><strong>Zielgruppe:<\/strong> Jugendliche und junge Erwachsene, Ergebnisse k\u00f6nnen je nach Alter und Umfeld variieren.<\/li>\n<\/ul>\n<p><strong>4. Adoleszenz = Phase der Identit\u00e4tsfindung<\/strong><\/p>\n<ul>\n<li>Jugendliche erforschen oft verschiedene Identit\u00e4ten, manchmal flie\u00dfend oder vor\u00fcbergehend.<\/li>\n<li>Kliniker<em> (z.B. Cass Review, Vereinigtes K\u00f6nigreich, 2022)<\/em> weisen darauf hin, dass eine zu schnelle Best\u00e4tigung einen Verlauf festlegen kann, der sich sonst anders entwickelt h\u00e4tte.<\/li>\n<li>Das Ziel: zuh\u00f6ren, begleiten, bewerten und einen Raum f\u00fcr Dialog aufrechterhalten, anstatt eine \u201esystematische Dringlichkeit\u201c zu verordnen.<\/li>\n<\/ul>\n<\/div><\/div><\/div><\/section>\n<section class='av_toggle_section av-mfvmnfbi-01147e39871a9c5dbbe43ed9a0e4de4d'  itemscope=\"itemscope\" itemtype=\"https:\/\/schema.org\/CreativeWork\" ><div role=\"tablist\" class=\"single_toggle\" data-tags=\"{Alle} \"  ><p id='toggle-toggle-id-4' data-fake-id='#toggle-id-4' class='toggler  av-title-above av-inherit-border-color'  itemprop=\"headline\"  role='tab' tabindex='0' aria-controls='toggle-id-4' data-slide-speed=\"200\" data-title=\"\u201eDas Suizidrisiko steigt, wenn Eltern den sozialen \u00dcbergang hinterfragen oder ablehnen\u201c\" data-title-open=\"\" data-aria_collapsed=\"Zum Vergr\u00f6ssern klicken: \u201eDas Suizidrisiko steigt, wenn Eltern den sozialen \u00dcbergang hinterfragen oder ablehnen\u201c\" data-aria_expanded=\"Zum Ausblenden klicken: \u201eDas Suizidrisiko steigt, wenn Eltern den sozialen \u00dcbergang hinterfragen oder ablehnen\u201c\">\u201eDas Suizidrisiko steigt, wenn Eltern den sozialen \u00dcbergang hinterfragen oder ablehnen\u201c<span class=\"toggle_icon\"><span class=\"vert_icon\"><\/span><span class=\"hor_icon\"><\/span><\/span><\/p><div id='toggle-id-4' aria-labelledby='toggle-toggle-id-4' role='region' class='toggle_wrap  av-title-above'  ><div class='toggle_content invers-color av-inherit-border-color'  itemprop=\"text\" ><h3><strong>Was ist die betreffende Studie und was leistet sie?<\/strong><\/h3>\n<p>15 TGD-Jugendliche, die im Vormonat Suizidgedanken (past month suicidal ideation, SI) hatten, werden in klinischen und gemeinschaftlichen Kontexten rekrutiert. Ihre Wahrnehmung von elterlicher Invalidierung vs. elterlicher Akzeptanz wird mittels Interviews \/ Selbstfrageb\u00f6gen zu Beginn gemessen. Anschlie\u00dfend verwenden sie \u00fcber 14 Tage eine Methode der \u00f6kologischen Momentaufnahme (Ecological Momentary Assessment, EMA): Mehrmals t\u00e4glich berichten sie \u00fcber Momente, in denen sie elterliche Invalidierung, Akzeptanz, den damit verbundenen Stress und ihre Suizidgedanken zu diesem Zeitpunkt wahrnehmen.  <\/p>\n<p><strong>Ergebnisse:<\/strong><\/p>\n<p>Querschnittlich gilt: Je mehr Invalidierung der\/die Jugendliche wahrnimmt, desto h\u00f6her ist die Schwere der Suizidgedanken.<br \/>\nLongitudinal, \u00fcber die 14 Tage hinweg, sind Momente, in denen elterliche Invalidierung wahrgenommen wurde, mit einer Zunahme von passive suicidal ideation<em> (passiven Suizidgedanken)<\/em> verbunden.<\/p>\n<h3>Grenzen, Schw\u00e4chen und Gegenargumente der Studie<\/h3>\n<p><strong>Kleine Stichprobe: 15 Jugendliche stellen keine breite Basis dar.<\/strong><\/p>\n<p>Dies schr\u00e4nkt die Generalisierbarkeit der Ergebnisse und sehr wichtige Verzerrungen ein:<\/p>\n<ul>\n<li>Bei einer kleinen Stichprobengr\u00f6\u00dfe k\u00f6nnen die Ergebnisse empfindlich auf Extremf\u00e4lle und starke individuelle Variationen reagieren.<\/li>\n<li>Teilnehmerauswahl: klinisch und gemeinschaftlich, alle mit k\u00fcrzlich aufgetretenen Suizidgedanken.<\/li>\n<\/ul>\n<p>Es besteht ein starker Selektionsbias hin zu Personen in Krisen. Es ist unklar, ob derselbe Effekt <em>(zwischen elterlicher Invalidierung und SI)<\/em> bei TGD-Jugendlichen, die weniger leiden oder weniger in psychiatrische Dienste involviert sind, ebenso stark ist. Personen ohne Suizidgedanken oder ohne Diagnose sind nicht repr\u00e4sentiert.  <\/p>\n<h3>Sehr kurze Nachbeobachtungszeit: 14 Tage.<\/h3>\n<ul>\n<li>Erm\u00f6glicht die Beobachtung kurzfristiger Effekte, aber nicht die Beobachtung langfristiger Effekte <em>(Monate, Jahre)<\/em>, noch dauerhafter Konsequenzen.<\/li>\n<li>Erm\u00f6glicht keine Beobachtung des Fortschreitens zu Suizidversuchen oder zum Tod.<\/li>\n<li>Subjektive Messung: Was der\/die Jugendliche als \u201eInvalidierung\u201c wahrnimmt \u2013 dies h\u00e4ngt von Interpretation, famili\u00e4rem Kontext und pers\u00f6nlichen Empfindlichkeiten ab. Es ist keine objektive und einheitliche Messung. <\/li>\n<\/ul>\n<h3>M\u00f6gliche St\u00f6rfaktoren:<\/h3>\n<ul>\n<li>Andere Variablen <em>(zum Beispiel: fr\u00fchere Depressionen oder Angstzust\u00e4nde, Mobbing, soziale Situationen, nicht-elterliche Unterst\u00fctzung)<\/em> k\u00f6nnen eine Rolle spielen.<\/li>\n<li>Die Studie kontrolliert teilweise bestimmte Aspekte, aber nicht alle.<\/li>\n<li>Es ist sehr wahrscheinlich, dass es bidirektionale Effekte gibt: Personen mit st\u00e4rkeren Suizidgedanken nehmen mehr Invalidierung wahr oder interpretieren elterliche Interaktionen eher als invalidierend.<\/li>\n<\/ul>\n<h3>Art der gemessenen Suizidgedanken:<\/h3>\n<p>Die Studie konzentriert sich haupts\u00e4chlich auf Suizidgedanken<em> (einschlie\u00dflich passiver Gedanken)<\/em>, nicht unbedingt auf Suizidversuche oder suizidales Verhalten. Suizidgedanken sind ein Risikoindikator, aber nicht identisch mit tats\u00e4chlichem Verhalten. <\/p>\n<h3>Gegenstudien oder nuancierende Aspekte<\/h3>\n<p>Einige Studien <em>(insbesondere klinische)<\/em> stellen fest, dass, obwohl Suizidgedanken bei TGD-Personen, die Kontakt zu psychiatrischen Diensten haben, h\u00e4ufig sind, die Raten suizidalen Verhaltens <em>(Versuche, Selbstverletzung)<\/em> selten einen Unterschied machen oder eine hohe Komorbidit\u00e4tsrate aufweisen  <em> (schwere Depressionen, Angstst\u00f6rungen usw.).<\/em><\/p>\n<p><strong>N\u00fctzliche Referenzen:<\/strong><\/p>\n<ul>\n<li>SEGM, <a href=\"https:\/\/segm.org\/trans_youth_suicide_study\">trans youth suicide study<\/a><\/li>\n<li>Gov UK, NHS, Professor Appleby <a href=\"https:\/\/www.gov.uk\/government\/publications\/review-of-suicides-and-gender-dysphoria-at-the-tavistock-and-portman-nhs-foundation-trust\">Review of suicides and gender dysphoria at the Tavistock<\/a><\/li>\n<\/ul>\n<\/div><\/div><\/div><\/section>\n<section class='av_toggle_section av-mfvmnves-11a2174b2d144c7208e759f34fc6a0f4'  itemscope=\"itemscope\" itemtype=\"https:\/\/schema.org\/CreativeWork\" ><div role=\"tablist\" class=\"single_toggle\" data-tags=\"{Alle} \"  ><p id='toggle-toggle-id-5' data-fake-id='#toggle-id-5' class='toggler  av-title-above av-inherit-border-color'  itemprop=\"headline\"  role='tab' tabindex='0' aria-controls='toggle-id-5' data-slide-speed=\"200\" data-title=\"\u201eDas Hinterfragen oder die Aufforderung zur Vorsicht wird als \u201eMisshandlung\u201c angesehen und Eltern laufen Gefahr, das Sorgerecht f\u00fcr ihr Kind zu verlieren\u201c\" data-title-open=\"\" data-aria_collapsed=\"Zum Vergr\u00f6ssern klicken: \u201eDas Hinterfragen oder die Aufforderung zur Vorsicht wird als \u201eMisshandlung\u201c angesehen und Eltern laufen Gefahr, das Sorgerecht f\u00fcr ihr Kind zu verlieren\u201c\" data-aria_expanded=\"Zum Ausblenden klicken: \u201eDas Hinterfragen oder die Aufforderung zur Vorsicht wird als \u201eMisshandlung\u201c angesehen und Eltern laufen Gefahr, das Sorgerecht f\u00fcr ihr Kind zu verlieren\u201c\">\u201eDas Hinterfragen oder die Aufforderung zur Vorsicht wird als \u201eMisshandlung\u201c angesehen und Eltern laufen Gefahr, das Sorgerecht f\u00fcr ihr Kind zu verlieren\u201c<span class=\"toggle_icon\"><span class=\"vert_icon\"><\/span><span class=\"hor_icon\"><\/span><\/span><\/p><div id='toggle-id-5' aria-labelledby='toggle-toggle-id-5' role='region' class='toggle_wrap  av-title-above'  ><div class='toggle_content invers-color av-inherit-border-color'  itemprop=\"text\" ><p>Hinterfragen und zur Vorsicht mahnen stellen keine Misshandlung dar, sondern fallen unter die elterliche Verantwortung. In der Schweiz wird der Kindesschutz durch das Schweizerische Zivilgesetzbuch geregelt, insbesondere durch die Artikel 307 bis 315, die die Kindesschutzma\u00dfnahmen bei Gef\u00e4hrdung der Entwicklung des Kindes definieren. Diese Ma\u00dfnahmen werden ergriffen, wenn das Wohl des Kindes gef\u00e4hrdet ist, zum Beispiel bei Gewalt, schwerer Vernachl\u00e4ssigung oder dem Fehlen wesentlicher F\u00fcrsorge.  <\/p>\n<p>Zweifel \u00e4u\u00dfern, versuchen zu verstehen oder sich Zeit nehmen, eine Situation zu bewerten, ist ein normaler und gesunder Ansatz in der Erziehung. Die Beh\u00f6rden greifen nur ein, wenn eine offensichtliche Gefahr f\u00fcr das Kind besteht. Dies mit Misshandlung gleichzusetzen, bedeutet, Vorsicht und b\u00f6se Absicht zu verwechseln, was den wahren Sinn des Kindesschutzes verwischt.  <\/p>\n<p>Es ist unerl\u00e4sslich, dass Gef\u00e4hrdungen des Kindeswohls so fr\u00fch wie m\u00f6glich erkannt werden. Diese Regelung soll sicherstellen, dass gef\u00e4hrdete oder misshandelte Kinder schnell einen wirksamen Schutz erhalten. <\/p>\n<p><strong>Zusammenfassend ist das elterliche Hinterfragen ein legitimer Bestandteil der Erziehungsverantwortung und darf nicht mit Misshandlung gleichgesetzt werden. Der Kindesschutz greift ein, wenn das Wohl des Kindes tats\u00e4chlich gef\u00e4hrdet ist. <\/strong><\/p>\n<\/div><\/div><\/div><\/section>\n<section class='av_toggle_section av-mfvmofu4-2595a70f846316721ac8574af6c0581f'  itemscope=\"itemscope\" itemtype=\"https:\/\/schema.org\/CreativeWork\" ><div role=\"tablist\" class=\"single_toggle\" data-tags=\"{Alle} \"  ><p id='toggle-toggle-id-6' data-fake-id='#toggle-id-6' class='toggler  av-title-above av-inherit-border-color'  itemprop=\"headline\"  role='tab' tabindex='0' aria-controls='toggle-id-6' data-slide-speed=\"200\" data-title=\"\u201eAb der Pubert\u00e4t muss der\/die Jugendliche medizinisch behandelt werden (Pubert\u00e4tsblocker, gegengeschlechtliche Hormone, Operationen)\u201c\" data-title-open=\"\" data-aria_collapsed=\"Zum Vergr\u00f6ssern klicken: \u201eAb der Pubert\u00e4t muss der\/die Jugendliche medizinisch behandelt werden (Pubert\u00e4tsblocker, gegengeschlechtliche Hormone, Operationen)\u201c\" data-aria_expanded=\"Zum Ausblenden klicken: \u201eAb der Pubert\u00e4t muss der\/die Jugendliche medizinisch behandelt werden (Pubert\u00e4tsblocker, gegengeschlechtliche Hormone, Operationen)\u201c\">\u201eAb der Pubert\u00e4t muss der\/die Jugendliche medizinisch behandelt werden (Pubert\u00e4tsblocker, gegengeschlechtliche Hormone, Operationen)\u201c<span class=\"toggle_icon\"><span class=\"vert_icon\"><\/span><span class=\"hor_icon\"><\/span><\/span><\/p><div id='toggle-id-6' aria-labelledby='toggle-toggle-id-6' role='region' class='toggle_wrap  av-title-above'  ><div class='toggle_content invers-color av-inherit-border-color'  itemprop=\"text\" ><p>Irreversible medizinische Eingriffe bei Jugendlichen <em>(Kreuzhormontherapie, Operation)<\/em> und sogar einige Pubert\u00e4tsblocker bergen erhebliche Risiken:<\/p>\n<ul>\n<li><strong>Pubert\u00e4tsblocker:<\/strong> k\u00f6nnen eine Verz\u00f6gerung oder unvollst\u00e4ndige Entwicklung der Genitalien verursachen, die Knochendichte reduzieren und das Knochenwachstum sowie die kognitive Reifung beeintr\u00e4chtigen.<\/li>\n<li><strong>Kreuzhormontherapie:<\/strong> f\u00fchrt zu irreversiblen Ver\u00e4nderungen wie Stimme und K\u00f6rperbehaarung und verursacht dauerhafte Sterilit\u00e4t. Kardiovaskul\u00e4re und metabolische Effekte sind ebenfalls zu \u00fcberwachen. <\/li>\n<li><strong>Geschlechtsbest\u00e4tigende Operation:<\/strong> invasiv und irreversibel, in den meisten internationalen Empfehlungen Erwachsenen vorbehalten, wird aber bei Minderj\u00e4hrigen oder sehr jungen Erwachsenen durchgef\u00fchrt <em>(kaum 18 Jahre alt in der Schweiz).<\/em><\/li>\n<\/ul>\n<p>Es ist vorzuziehen, dem Jugendlichen die Erkundung seiner Geschlechtsidentit\u00e4t und seines sozialen Ausdrucks (Vorname, Pronomen, Kleidung, Verhaltensweisen) und seiner sexuellen Orientierung vor jedem irreversiblen Eingriff zu erm\u00f6glichen. Reversible Ma\u00dfnahmen erm\u00f6glichen eine sofortige und sichere Unterst\u00fctzung, w\u00e4hrend gleichzeitig die notwendige Zeit f\u00fcr die Reifung und Kl\u00e4rung der Identit\u00e4t bleibt.<\/p>\n<\/div><\/div><\/div><\/section>\n<section class='av_toggle_section av-mfvmouz2-7be328da3583d7a77c84f0d176ccdeed'  itemscope=\"itemscope\" itemtype=\"https:\/\/schema.org\/CreativeWork\" ><div role=\"tablist\" class=\"single_toggle\" data-tags=\"{Alle} \"  ><p id='toggle-toggle-id-7' data-fake-id='#toggle-id-7' class='toggler  av-title-above av-inherit-border-color'  itemprop=\"headline\"  role='tab' tabindex='0' aria-controls='toggle-id-7' data-slide-speed=\"200\" data-title=\"\u201eEs besteht ein medizinischer Konsens in dieser Frage\u201c\" data-title-open=\"\" data-aria_collapsed=\"Zum Vergr\u00f6ssern klicken: \u201eEs besteht ein medizinischer Konsens in dieser Frage\u201c\" data-aria_expanded=\"Zum Ausblenden klicken: \u201eEs besteht ein medizinischer Konsens in dieser Frage\u201c\">\u201eEs besteht ein medizinischer Konsens in dieser Frage\u201c<span class=\"toggle_icon\"><span class=\"vert_icon\"><\/span><span class=\"hor_icon\"><\/span><\/span><\/p><div id='toggle-id-7' aria-labelledby='toggle-toggle-id-7' role='region' class='toggle_wrap  av-title-above'  ><div class='toggle_content invers-color av-inherit-border-color'  itemprop=\"text\" ><p><strong>Nein, es gibt keinen medizinischen Konsens \u00fcber die sofortige Best\u00e4tigung und die systematische medizinische Behandlung von Transgender-Jugendlichen.<\/strong><\/p>\n<p>Internationale Empfehlungen <em>(Endocrine Society, NHS, HAS, AAP)<\/em> bestehen auf einer multidisziplin\u00e4ren Bewertung, psychologischer Begleitung und der EINBEZIEHUNG DER ELTERN vor jedem medizinischen Eingriff.<\/p>\n<p>Pubert\u00e4tsblocker und Kreuzhormontherapie haben potenziell irreversible Auswirkungen kurz-, mittel- oder langfristig, und ihre Anwendung unterliegt weiterhin strengen Kriterien.<\/p>\n<p>J\u00fcngste Berichte <em>(z.B. Cass Review, UK, 2022)<\/em> unterstreichen die identit\u00e4re Plastizit\u00e4t in der Adoleszenz und empfehlen Vorsicht, psychologische Begleitung und soziale Exploration vor jedem medizinischen Eingriff.<\/p>\n<p><strong>Zusammenfassend:<\/strong> Es gibt keinen Konsens, alle Jugendlichen ab der Pubert\u00e4t medizinisch zu behandeln. Der aktuelle medizinische Standard ist vielmehr: Zuh\u00f6ren, reversible Exploration und individuelle Begleitung, was jedoch leider nicht in allen Schweizer Krankenh\u00e4usern und Kliniken eingehalten wird.<\/p>\n<\/div><\/div><\/div><\/section>\n<section class='av_toggle_section av-mfvmpe8v-4433212abec84e89dd49b384dd8a8ed0'  itemscope=\"itemscope\" itemtype=\"https:\/\/schema.org\/CreativeWork\" ><div role=\"tablist\" class=\"single_toggle\" data-tags=\"{Alle} \"  ><p id='toggle-toggle-id-8' data-fake-id='#toggle-id-8' class='toggler  av-title-above av-inherit-border-color'  itemprop=\"headline\"  role='tab' tabindex='0' aria-controls='toggle-id-8' data-slide-speed=\"200\" data-title=\"\u201eEs gibt nur sehr wenig Bedauern (1 %)\u201c\" data-title-open=\"\" data-aria_collapsed=\"Zum Vergr\u00f6ssern klicken: \u201eEs gibt nur sehr wenig Bedauern (1 %)\u201c\" data-aria_expanded=\"Zum Ausblenden klicken: \u201eEs gibt nur sehr wenig Bedauern (1 %)\u201c\">\u201eEs gibt nur sehr wenig Bedauern (1 %)\u201c<span class=\"toggle_icon\"><span class=\"vert_icon\"><\/span><span class=\"hor_icon\"><\/span><\/span><\/p><div id='toggle-id-8' aria-labelledby='toggle-toggle-id-8' role='region' class='toggle_wrap  av-title-above'  ><div class='toggle_content invers-color av-inherit-border-color'  itemprop=\"text\" ><p><strong>Diese Behauptung ist zu simpel und unvollst\u00e4ndig.<\/strong><\/p>\n<p>Hier eine pr\u00e4zise Erl\u00e4uterung:<\/p>\n<p>Studien, die eine sehr niedrige Reuequote (~1%) berichten, betreffen haupts\u00e4chlich Erwachsene, die nach langen und multidisziplin\u00e4ren Bewertungen einen vollst\u00e4ndigen medizinischen Weg mit Hormontherapie und Operation durchlaufen haben. Diese Ergebnisse betreffen nicht unbedingt Jugendliche, deren Identit\u00e4t sich noch in der Entwicklung befindet und daher ver\u00e4nderlich ist. <\/p>\n<p>Die Forschung an Jugendlichen ist begrenzter und Langzeitdaten sind noch unzureichend. Die identit\u00e4re Plastizit\u00e4t in der Adoleszenz <em>(Cass Review, UK, 2022)<\/em> deutet darauf hin, dass ein Teil der Jugendlichen sich entwickeln oder bestimmte soziale oder medizinische Entscheidungen r\u00fcckg\u00e4ngig machen kann. <\/p>\n<p>Auch wenn die Rate des chirurgischen Bedauerns bei Erwachsenen derzeit noch gering ist, minimiert dies nicht die ernsthaften und irreversiblen Risiken fr\u00fcher hormoneller oder chirurgischer Behandlungen <em>(Sterilit\u00e4t, dauerhafte k\u00f6rperliche Ver\u00e4nderungen, Knochen- und Herz-Kreislauf-Effekte).<\/p>\n<p><\/em>Seit 2019 und dem Prozess der jungen Detransitioniererin Keira Bell gegen die Tavistock-Klinik in London ist die Zahl der jungen und weniger jungen Menschen, die ihre \u201eTransition\u201c bereuen, explodiert. Die \u201edetrans\u201c-Seite auf Reddit, die es Menschen erm\u00f6glicht, die ihre \u201eTransition\u201c bereuen, sich auszutauschen, z\u00e4hlt bis heute \u00fcber 50.000 Abonnenten, mit w\u00f6chentlich 18.000 Besuchern. <\/p>\n<p><span class=\"ydp4056f3c2yiv0797400564qb\">Zwei <\/span><a href=\"https:\/\/amqg.ch\/so\/c0PYvXnfE\/c?w=5oXxw04gBppD186lWMxBjf5az0ubWqzjKk3dOXkv3SQ.eyJ1IjoiaHR0cHM6Ly93d3cuYWVyenRlYmxhdHQuZGUvYXJjaGl2LzIzOTU1NS9TdG9lcnVuZ2VuLWRlci1HZXNjaGxlY2h0c2lkZW50aXRhZXQtYmVpLWp1bmdlbi1NZW5zY2hlbi1pbi1EZXV0c2NobGFuZC1IYWV1Zmlna2VpdC11bmQtVHJlbmRzLTIwMTMtMjAyMiIsInIiOiJkMWQ1NDY4ZS0zMGIyLTQzNGUtOWE4MS0yZThjNzgzNTQwNDAiLCJtIjoibWFpbCIsImMiOiIzMGY0MTMzMi1iZjVkLTRmMDQtYmUxMy05ZDk0OWZhYWExNDYifQ\" target=\"_blank\" rel=\"noopener\"><span class=\"ydp4056f3c2yiv0797400564sb1\"><b>deutsche<\/b><\/span><\/a><span class=\"ydp4056f3c2yiv0797400564qb\"> und <\/span><a href=\"https:\/\/amqg.ch\/so\/c0PYvXnfE\/c?w=NJZhHjk678cQU0ml7XILMoV8Q9ABJYYenTq3OIY2wD4.eyJ1IjoiaHR0cHM6Ly93d3cuY2l0eS1qb3VybmFsLm9yZy9hcnRpY2xlL2Fkb2xlc2NlbnQtZ2VuZGVyLWR5c3Bob3JpYS1pcy1hLXRlbXBvcmFyeS1kaWFnbm9zaXMtZm9yLW1vc3QtdGVlbnMiLCJyIjoiZDFkNTQ2OGUtMzBiMi00MzRlLTlhODEtMmU4Yzc4MzU0MDQwIiwibSI6Im1haWwiLCJjIjoiMzBmNDEzMzItYmY1ZC00ZjA0LWJlMTMtOWQ5NDlmYWFhMTQ2In0\" target=\"_blank\" rel=\"noopener\"><span class=\"ydp4056f3c2yiv0797400564sb1\"><b>amerikanische<\/b><\/span><\/a><span class=\"ydp4056f3c2yiv0797400564qb\"> j\u00fcngste Studien, basierend auf Daten von Millionen von Versicherten, zeigen, dass 50 bis 75 % der betroffenen Jugendlichen nach f\u00fcnf Jahren keine Diagnose einer \u201eGeschlechtsdysphorie\u201c F64 mehr aufweisen. <\/span> <\/p>\n<p><strong>Fazit:<\/strong> A<span class=\"ydp4056f3c2yiv0797400564qb\">ngesichts der scheinbar geringen Persistenz dieser Diagnose bei Jugendlichen \u2013 im Einklang mit der bekannten Unbest\u00e4ndigkeit der Jugend \u2013 ist der intensive Druck auf Eltern, oft irreversible Behandlungen zu genehmigen, ungerechtfertigt und sch\u00e4dlich.<\/span> Man kann sich nicht auf diese 1 %-Zahl verlassen, um fr\u00fche oder systematische Interventionen bei Jugendlichen zu rechtfertigen. Der empfohlene Ansatz bleibt soziale Exploration, psychologische Begleitung und individualisierte Evaluation. <\/p>\n<p><strong>Quellen:<\/strong><\/p>\n<ul>\n<li>reddit sub detrans : <a href=\"https:\/\/www.reddit.com\/r\/detrans\/\">https:\/\/www.reddit.com\/r\/detrans\/<\/a><\/li>\n<li>Deutsche Studie : <a href=\"https:\/\/www.aerzteblatt.de\/archiv\/stoerungen-der-geschlechtsidentitaet-bei-jungen-menschen-in-deutschland-haeufigkeit-und-trends-2013-2022-da2e377d-3129-46b9-8283-aa14dc0adb6c\">https:\/\/www.aerzteblatt.de\/archiv\/stoerungen-der-geschlechtsidentitaet-bei-jungen-menschen-in-deutschland-haeufigkeit-und-trends-2013-2022-da2e377d-3129-46b9-8283-aa14dc0adb6c<\/a><\/li>\n<li>Amerikanische Studie: <a href=\"https:\/\/www.city-journal.org\/article\/adolescent-gender-dysphoria-is-a-temporary-diagnosis-for-most-teens\">https:\/\/www.city-journal.org\/article\/adolescent-gender-dysphoria-is-a-temporary-diagnosis-for-most-teens<\/a><\/li>\n<\/ul>\n<\/div><\/div><\/div><\/section>\n<\/div><br \/>\n<div  class='avia-buttonrow-wrap av-mfwnxbe2-0e2d13f74676a06bb72eacc242e18977 avia-buttonrow-right  avia-builder-el-16  el_after_av_toggle_container  avia-builder-el-last '>\n\n<style type=\"text\/css\" data-created_by=\"avia_inline_auto\" id=\"style-css-av-mfwnx8y3-fbe8c2547f40c37871c8237c0db3579c\">\n#top #wrap_all .avia-button.av-mfwnx8y3-fbe8c2547f40c37871c8237c0db3579c{\nmargin-bottom:1px;\nmargin-left:1px;\n}\n<\/style>\n<a href='https:\/\/amqg-aufg.org\/de\/2025\/09\/23\/studien-zur-psychischen-gesundheit-und-zum-suizidrisiko-bei-trans-identifizierenden-nicht-binaeren-jugendlichen-verstehen\/'  class='avia-button av-mfwnx8y3-fbe8c2547f40c37871c8237c0db3579c avia-icon_select-yes-left-icon avia-size-small avia-color-theme-color'  target=\"_blank\"  rel=\"noopener noreferrer\"  aria-label=\"Die Studien, ihre Robustheit und ihre Verzerrungen\"><span class='avia_button_icon avia_button_icon_left avia-svg-icon avia-font-svg_entypo-fontello' data-av_svg_icon='right-open-mini' data-av_iconset='svg_entypo-fontello'><svg version=\"1.1\" xmlns=\"http:\/\/www.w3.org\/2000\/svg\" width=\"8\" height=\"32\" viewBox=\"0 0 8 32\" preserveAspectRatio=\"xMidYMid meet\" aria-labelledby='av-svg-title-4' aria-describedby='av-svg-desc-4' role=\"graphics-symbol\">\n<title id='av-svg-title-4'>Right-open-mini<\/title>\n<desc id='av-svg-desc-4'>Right-open-mini<\/desc>\n<path d=\"M0.416 21.44l5.056-5.44-5.056-5.504q-0.832-0.832 0-1.536 0.832-0.832 1.536 0l6.144 6.208q0.768 0.832 0 1.6l-6.144 6.208q-0.704 0.832-1.536 0-0.832-0.704 0-1.536z\"><\/path>\n<\/svg><\/span><span class='avia_iconbox_title' >Die Studien, ihre Robustheit und ihre Verzerrungen<\/span><\/a>\n<\/div><\/p><\/div>\n<\/div><\/div><\/div><div id='objectif'  class='av-layout-grid-container av-1mgel54-06ca682ac0a3ed4a90d61e058f6daa29 entry-content-wrapper main_color av-flex-cells av-break-at-tablet  avia-builder-el-17  el_after_av_layout_row  el_before_av_layout_row  av-cell-min-height av-cell-min-height-75 grid-row-not-first  container_wrap fullsize'   data-av_minimum_height_pc='75'>\n\n<style type=\"text\/css\" data-created_by=\"avia_inline_auto\" id=\"style-css-av-1l37yuw-5b992c319f66dccbe613700e61d23fa1\">\n.flex_cell.av-1l37yuw-5b992c319f66dccbe613700e61d23fa1{\nvertical-align:middle;\nbackground-color:#f2f2f2;\n}\n.responsive #top #wrap_all .flex_cell.av-1l37yuw-5b992c319f66dccbe613700e61d23fa1{\npadding:30px 30px 30px 30px !important;\n}\n<\/style>\n<div class='flex_cell av-1l37yuw-5b992c319f66dccbe613700e61d23fa1 av-gridrow-cell av_one_half no_margin  avia-builder-el-18  el_before_av_cell_one_half  avia-builder-el-first  content-align-middle'  ><div class='flex_cell_inner'>\n<style type=\"text\/css\" data-created_by=\"avia_inline_auto\" id=\"style-css-av-1fnexfc-d6f72ed38cff083f5c2c14ad0b936fe4\">\n.flex_column.av-1fnexfc-d6f72ed38cff083f5c2c14ad0b936fe4{\npadding:30px 30px 30px 30px;\n}\n<\/style>\n<div  class='flex_column av-1fnexfc-d6f72ed38cff083f5c2c14ad0b936fe4 av_one_full  avia-builder-el-19  avia-builder-el-no-sibling  first flex_column_div av-animated-generic pop-up  '     ><p>\n<style type=\"text\/css\" data-created_by=\"avia_inline_auto\" id=\"style-css-av-megpp82h-991b3484e3d697bfca8dee1cb90c4ffa\">\n#top .av-special-heading.av-megpp82h-991b3484e3d697bfca8dee1cb90c4ffa{\npadding-bottom:10px;\n}\nbody .av-special-heading.av-megpp82h-991b3484e3d697bfca8dee1cb90c4ffa .av-special-heading-tag .heading-char{\nfont-size:25px;\n}\n.av-special-heading.av-megpp82h-991b3484e3d697bfca8dee1cb90c4ffa .av-subheading{\nfont-size:15px;\n}\n<\/style>\n<div  class='av-special-heading av-megpp82h-991b3484e3d697bfca8dee1cb90c4ffa av-special-heading-h2 blockquote modern-quote modern-centered  avia-builder-el-20  el_before_av_textblock  avia-builder-el-first '><h2 class='av-special-heading-tag '  itemprop=\"headline\"  >Zudem stellen Eltern manchmal fest, dass:<\/h2><div class=\"special-heading-border\"><div class=\"special-heading-inner-border\"><\/div><\/div><\/div><br \/>\n<section  class='av_textblock_section av-megpp41m-d24c13d2cf2109445cd4d1fc95c8bc8a '   itemscope=\"itemscope\" itemtype=\"https:\/\/schema.org\/CreativeWork\" ><div class='avia_textblock'  itemprop=\"text\" ><ul>\n<li>die Schule Kinder und Jugendliche, die dies w\u00fcnschen, mehr oder weniger heimlich dazu ermutigt, \u201esozial zu transitionieren\u201c, ohne dass die Eltern davon wissen, und sie manchmal mit \u201ePro-Transition\u201c-Vereinen in Kontakt bringt.<\/li>\n<li>diese \u201ePro-Transition\u201c-Vereine Minderj\u00e4hrigen Ratschl\u00e4ge zur \u201emedizinischen Transition\u201c anbieten, sowie <a href=\"https:\/\/refuge-geneve.ch\/vitrine-daccessoires-et-goodies\/\">\u201eTuck\u201c-Unterhosen zur Kompression von Penis und Hoden f\u00fcr Jungen, sowie \u201eBinder\u201c zur Kompression der Br\u00fcste und sogenannte \u201ePacker\u201c (Plastikpenisse)<\/a> f\u00fcr M\u00e4dchen, um als das andere Geschlecht \u201edurchzugehen\u201c.<\/li>\n<li>die Schule den Sch\u00fclern manchmal beibringt, dass es m\u00f6glich ist, im falschen K\u00f6rper geboren zu werden, dass man sein Geschlecht \u00e4ndern kann, und \u00c4ngste und Bef\u00fcrchtungen bei den betroffenen Jugendlichen erzeugt, indem sie den Eindruck erweckt, die Gesellschaft sei ihnen gegen\u00fcber besonders hasserf\u00fcllt.<\/li>\n<\/ul>\n<\/div><\/section><\/p><\/div>\n<\/div><\/div>\n<style type=\"text\/css\" data-created_by=\"avia_inline_auto\" id=\"style-css-av-1i7mz14-bf7aacc68140e74cdf0a746a09c26556\">\n.flex_cell.av-1i7mz14-bf7aacc68140e74cdf0a746a09c26556{\nvertical-align:middle;\nbackground-color:#f2f2f2;\n}\n.responsive #top #wrap_all .flex_cell.av-1i7mz14-bf7aacc68140e74cdf0a746a09c26556{\npadding:15px 30px 15px 30px !important;\n}\n<\/style>\n<div class='flex_cell av-1i7mz14-bf7aacc68140e74cdf0a746a09c26556 av-gridrow-cell av_one_half no_margin  avia-builder-el-22  el_after_av_cell_one_half  avia-builder-el-last  content-align-middle'  ><div class='flex_cell_inner'><p>\n<style type=\"text\/css\" data-created_by=\"avia_inline_auto\" id=\"style-css-av-wgjbc8-a210acd1f1400cd0adcbd07f7dc16d15\">\n.flex_column.av-wgjbc8-a210acd1f1400cd0adcbd07f7dc16d15{\npadding:30px 30px 30px 30px;\n}\n<\/style>\n<div  class='flex_column av-wgjbc8-a210acd1f1400cd0adcbd07f7dc16d15 av_one_full  avia-builder-el-23  el_before_av_buttonrow  avia-builder-el-first  first flex_column_div av-animated-generic pop-up  '     ><p>\n<style type=\"text\/css\" data-created_by=\"avia_inline_auto\" id=\"style-css-av-mftpyx2b-51204d1169c4d31e5d64db4e6cf18919\">\n#top .av-special-heading.av-mftpyx2b-51204d1169c4d31e5d64db4e6cf18919{\npadding-bottom:10px;\n}\nbody .av-special-heading.av-mftpyx2b-51204d1169c4d31e5d64db4e6cf18919 .av-special-heading-tag .heading-char{\nfont-size:25px;\n}\n.av-special-heading.av-mftpyx2b-51204d1169c4d31e5d64db4e6cf18919 .av-subheading{\nfont-size:15px;\n}\n<\/style>\n<div  class='av-special-heading av-mftpyx2b-51204d1169c4d31e5d64db4e6cf18919 av-special-heading-h2 blockquote modern-quote modern-centered  avia-builder-el-24  el_before_av_textblock  avia-builder-el-first '><h2 class='av-special-heading-tag '  itemprop=\"headline\"  >Die Realit\u00e4t sieht anders aus<\/h2><div class=\"special-heading-border\"><div class=\"special-heading-inner-border\"><\/div><\/div><\/div><br \/>\n<section  class='av_textblock_section av-mftpzkjl-fb175d8377cd7bca2f6c5a8bffd30a16 '   itemscope=\"itemscope\" itemtype=\"https:\/\/schema.org\/CreativeWork\" ><div class='avia_textblock'  itemprop=\"text\" ><ul>\n<li class=\"font_7 wixui-rich-text__text\"><span class=\"color_42 wixui-rich-text__text\"><span class=\"wixui-rich-text__text\">es gibt keinen medizinischen Konsens, im Gegenteil, die Debatte tobt; <\/span><\/span><\/li>\n<li><span class=\"color_42 wixui-rich-text__text\"><span class=\"wixui-rich-text__text\">die ma\u00dfgeblichen medizinischen Richtlinien wurden von aktivistischen Vereinigungen erstellt;<\/span><\/span><\/li>\n<li class=\"font_7 wixui-rich-text__text\"><span class=\"color_42 wixui-rich-text__text\"><span class=\"wixui-rich-text__text\">es gibt keine belastbaren Daten zur Wirksamkeit der vorgeschlagenen Behandlungen;<\/span><\/span><\/li>\n<li class=\"font_7 wixui-rich-text__text\"><span class=\"color_42 wixui-rich-text__text\"><span class=\"wixui-rich-text__text\">es gibt keine seri\u00f6se Studie \u00fcber den Anteil derer, die es bereuen, aber immer mehr Stimmen von Jugendlichen, die ihren verst\u00fcmmelten K\u00f6rper und ihre irreversibel gesch\u00e4digte sexuelle und reproduktive Gesundheit bedauern.<\/span><\/span><\/li>\n<\/ul>\n<\/div><\/section><\/p><\/div><div  class='avia-buttonrow-wrap av-mftr6mxk-a264dd74d25e28814928e51b83809177 avia-buttonrow-right  avia-builder-el-26  el_after_av_one_full  avia-builder-el-last '>\n\n<style type=\"text\/css\" data-created_by=\"avia_inline_auto\" id=\"style-css-av-mftr8105-b5c1ec6be4807e5555e54f874a70362d\">\n#top #wrap_all .avia-button.av-mftr8105-b5c1ec6be4807e5555e54f874a70362d{\nmargin-bottom:1px;\nmargin-left:1px;\n}\n<\/style>\n<a href='https:\/\/amqg-aufg.org\/de\/fragen-und-kontroversen\/'  class='avia-button av-mftr8105-b5c1ec6be4807e5555e54f874a70362d avia-icon_select-no avia-size-small avia-color-theme-color'   aria-label=\"Mehr erfahren\"><span class='avia_iconbox_title' >Mehr erfahren<\/span><\/a>\n<\/div><\/p>\n<\/div><\/div>\n<\/div><\/p>\n<div id='origine'  class='av-layout-grid-container av-3gr0fc-cf6e1bf36d248a6f3ab555d4b1f65ea9 entry-content-wrapper main_color av-flex-cells av-break-at-tablet  avia-builder-el-27  el_after_av_layout_row  el_before_av_layout_row  av-cell-min-height av-cell-min-height-50 grid-row-not-first  container_wrap fullsize'   data-av_minimum_height_pc='50'>\n\n<style type=\"text\/css\" data-created_by=\"avia_inline_auto\" id=\"style-css-av-w2vufs-1cb24df056ca2e5583e1b6c25e7af669\">\n.flex_cell.av-w2vufs-1cb24df056ca2e5583e1b6c25e7af669{\nvertical-align:middle;\n}\n.responsive #top #wrap_all .flex_cell.av-w2vufs-1cb24df056ca2e5583e1b6c25e7af669{\npadding:15px 30px 15px 30px !important;\n}\n<\/style>\n<div class='flex_cell av-w2vufs-1cb24df056ca2e5583e1b6c25e7af669 av-gridrow-cell av_one_half no_margin  avia-builder-el-28  el_before_av_cell_one_half  avia-builder-el-first  content-align-middle'  ><div class='flex_cell_inner'>\n<style type=\"text\/css\" data-created_by=\"avia_inline_auto\" id=\"style-css-av-31i3mg-96be319aeb3e19114950e9d5fba7e1a0\">\n.flex_column.av-31i3mg-96be319aeb3e19114950e9d5fba7e1a0{\npadding:30px 30px 30px 30px;\n}\n<\/style>\n<div  class='flex_column av-31i3mg-96be319aeb3e19114950e9d5fba7e1a0 av_one_full  avia-builder-el-29  avia-builder-el-no-sibling  first flex_column_div av-animated-generic pop-up  '     ><p>\n<style type=\"text\/css\" data-created_by=\"avia_inline_auto\" id=\"style-css-av-megq0hij-a6438b8b32f883734ea687c2fa0c9a90\">\n#top .av-special-heading.av-megq0hij-a6438b8b32f883734ea687c2fa0c9a90{\npadding-bottom:10px;\n}\nbody .av-special-heading.av-megq0hij-a6438b8b32f883734ea687c2fa0c9a90 .av-special-heading-tag .heading-char{\nfont-size:25px;\n}\n.av-special-heading.av-megq0hij-a6438b8b32f883734ea687c2fa0c9a90 .av-subheading{\nfont-size:15px;\n}\n<\/style>\n<div  class='av-special-heading av-megq0hij-a6438b8b32f883734ea687c2fa0c9a90 av-special-heading-h2 blockquote modern-quote modern-centered  avia-builder-el-30  el_before_av_textblock  avia-builder-el-first '><h2 class='av-special-heading-tag '  itemprop=\"headline\"  >Eltern oft schuldig gesprochen und ausgegrenzt<\/h2><div class=\"special-heading-border\"><div class=\"special-heading-inner-border\"><\/div><\/div><\/div><br \/>\n<section  class='av_textblock_section av-megq764v-8a92ab17f2a5210f3871e48014ed7ab8 '   itemscope=\"itemscope\" itemtype=\"https:\/\/schema.org\/CreativeWork\" ><div class='avia_textblock'  itemprop=\"text\" ><p data-renderer-start-pos=\"3848\">In diesem Kontext \u00e4u\u00dfern viele Eltern ihr Unbehagen. Wenn ein\/e Jugendliche\/r eine Dysphorie \u00e4u\u00dfert, kann der soziale und medizinische Druck, \u201emit dem Strom zu schwimmen\u201c, intensiv sein. Den sozialen \u00dcbergang oder eine Behandlung (Hormone, Operationen) zu hinterfragen, wird nicht als Akt der Verantwortung und Vorsicht angesehen, sondern als \u201etransphobe\u201c Reaktion bezeichnet.  <\/p>\n<p data-renderer-start-pos=\"4161\">Einige Eltern beschreiben ein Gef\u00fchl des \u00dcbersehens: Ihre Zweifel, ihr Wissen \u00fcber die emotionale oder famili\u00e4re Geschichte ihres Kindes werden selten ber\u00fccksichtigt. Insbesondere psychische Vulnerabilit\u00e4tsfaktoren \u2014 Angstst\u00f6rungen, ADHS, Autismus, Traumata (z.B. psychische und\/oder physische und\/oder sexuelle Gewalt), internalisierte Homophobie \u2014 werden in der Eile, eine medizinische L\u00f6sung zu finden, meist ignoriert. <\/p>\n<\/div><\/section><\/p><\/div>\n<\/div><\/div>\n<style type=\"text\/css\" data-created_by=\"avia_inline_auto\" id=\"style-css-av-t3tgq0-abc1d6adc3426dff0202dec0a6a00de9\">\n.flex_cell.av-t3tgq0-abc1d6adc3426dff0202dec0a6a00de9{\nvertical-align:middle;\n}\n.responsive #top #wrap_all .flex_cell.av-t3tgq0-abc1d6adc3426dff0202dec0a6a00de9{\npadding:30px 30px 30px 30px !important;\n}\n<\/style>\n<div class='flex_cell av-t3tgq0-abc1d6adc3426dff0202dec0a6a00de9 av-gridrow-cell av_one_half no_margin  avia-builder-el-32  el_after_av_cell_one_half  avia-builder-el-last  content-align-middle'  ><div class='flex_cell_inner'>\n<style type=\"text\/css\" data-created_by=\"avia_inline_auto\" id=\"style-css-av-j15p08-4524a7ca7a8e1bfadb1a7ccdefb223c6\">\n.flex_column.av-j15p08-4524a7ca7a8e1bfadb1a7ccdefb223c6{\npadding:30px 30px 30px 30px;\n}\n<\/style>\n<div  class='flex_column av-j15p08-4524a7ca7a8e1bfadb1a7ccdefb223c6 av_one_full  avia-builder-el-33  avia-builder-el-no-sibling  first flex_column_div av-animated-generic pop-up  '     ><p>\n<style type=\"text\/css\" data-created_by=\"avia_inline_auto\" id=\"style-css-av-megqf5qa-fda872b2d71c18e659ed29425d56a82a\">\n#top .av-special-heading.av-megqf5qa-fda872b2d71c18e659ed29425d56a82a{\npadding-bottom:10px;\n}\nbody .av-special-heading.av-megqf5qa-fda872b2d71c18e659ed29425d56a82a .av-special-heading-tag .heading-char{\nfont-size:25px;\n}\n.av-special-heading.av-megqf5qa-fda872b2d71c18e659ed29425d56a82a .av-subheading{\nfont-size:15px;\n}\n<\/style>\n<div  class='av-special-heading av-megqf5qa-fda872b2d71c18e659ed29425d56a82a av-special-heading-h2 blockquote modern-quote modern-centered  avia-builder-el-34  el_before_av_textblock  avia-builder-el-first '><h2 class='av-special-heading-tag '  itemprop=\"headline\"  >Leiden erforschen statt Identit\u00e4t medikalisieren<\/h2><div class=\"special-heading-border\"><div class=\"special-heading-inner-border\"><\/div><\/div><\/div><br \/>\n<section  class='av_textblock_section av-megqgpu9-ca5170f08e926a5b74284f1d7e52934f '   itemscope=\"itemscope\" itemtype=\"https:\/\/schema.org\/CreativeWork\" ><div class='avia_textblock'  itemprop=\"text\" ><p>Das Verst\u00e4ndnis von Geschlechtsfragen bei Jugendlichen erfordert einen umfassenden Ansatz, der Folgendes umfasst:<\/p>\n<ul>\n<li>Eine ausf\u00fchrliche psychologische Anamnese;<\/li>\n<li>Ein offenes Ohr f\u00fcr famili\u00e4re, soziale und schulische Herausforderungen;<\/li>\n<li>Eine Analyse der psychiatrischen Vorgeschichte;<\/li>\n<li>Und einen nicht-orientierten, druckfreien therapeutischen Raum.<\/li>\n<\/ul>\n<\/div><\/section><\/p><\/div>\n<\/div><\/div>\n<\/div>\n<div id='membre'  class='av-layout-grid-container av-9fzn1k-f0f9ecec6fe83b793ed4ba5c4ee9c415 entry-content-wrapper main_color av-flex-cells av-break-at-tablet  avia-builder-el-36  el_after_av_layout_row  avia-builder-el-last  grid-row-not-first  container_wrap fullsize'  >\n\n<style type=\"text\/css\" data-created_by=\"avia_inline_auto\" id=\"style-css-av-7t9fxk-412f6582cfa5c05242c374762acc33e7\">\n.flex_cell.av-7t9fxk-412f6582cfa5c05242c374762acc33e7{\nvertical-align:middle;\nbackground-color:#f2f2f2;\n}\n.responsive #top #wrap_all .flex_cell.av-7t9fxk-412f6582cfa5c05242c374762acc33e7{\npadding:30px 30px 30px 30px !important;\n}\n<\/style>\n<div class='flex_cell av-7t9fxk-412f6582cfa5c05242c374762acc33e7 av-gridrow-cell av_one_third no_margin  avia-builder-el-37  el_before_av_cell_one_third  avia-builder-el-first  content-align-middle'  ><div class='flex_cell_inner'><p>\n<style type=\"text\/css\" data-created_by=\"avia_inline_auto\" id=\"style-css-av-tzeq2w-f94144f5c7d81de136f3557843cca62b\">\n.avia-image-container.av-tzeq2w-f94144f5c7d81de136f3557843cca62b{\nz-index:110;\n}\n.avia-image-container.av-tzeq2w-f94144f5c7d81de136f3557843cca62b img.avia_image{\nbox-shadow:none;\n}\n.avia-image-container.av-tzeq2w-f94144f5c7d81de136f3557843cca62b .av-image-caption-overlay-center{\ncolor:#ffffff;\n}\n.avia-image-container.av-tzeq2w-f94144f5c7d81de136f3557843cca62b .avia-curtain-reveal-overlay{\nbackground:#ffffff;\nz-index:100;\n}\n<\/style>\n<div  class='avia-image-container av-tzeq2w-f94144f5c7d81de136f3557843cca62b av-styling-no-styling avia-align-center  avia-builder-el-38  el_before_av_textblock  avia-builder-el-first  av-custom-positioned'   itemprop=\"image\" itemscope=\"itemscope\" itemtype=\"https:\/\/schema.org\/ImageObject\" ><div class=\"avia-image-container-inner\"><div class=\"avia-image-overlay-wrap\"><div class='avia-curtain-reveal-overlay av-animated-when-visible-95 animate-all-devices curtain-reveal-rtl'><\/div><img decoding=\"async\" fetchpriority=\"high\" class='wp-image-3694 avia-img-lazy-loading-not-3694 avia_image ' src=\"https:\/\/amqg-aufg.org\/wp-content\/uploads\/2025\/09\/soutien-trans-parents.jpg\" alt='' title='Trans-Eltern-Unterst\u00fctzung'  height=\"1200\" width=\"1800\"  itemprop=\"thumbnailUrl\" srcset=\"https:\/\/amqg-aufg.org\/wp-content\/uploads\/2025\/09\/soutien-trans-parents.jpg 1800w, https:\/\/amqg-aufg.org\/wp-content\/uploads\/2025\/09\/soutien-trans-parents-300x200.jpg 300w, https:\/\/amqg-aufg.org\/wp-content\/uploads\/2025\/09\/soutien-trans-parents-1030x687.jpg 1030w, https:\/\/amqg-aufg.org\/wp-content\/uploads\/2025\/09\/soutien-trans-parents-768x512.jpg 768w, https:\/\/amqg-aufg.org\/wp-content\/uploads\/2025\/09\/soutien-trans-parents-1536x1024.jpg 1536w, https:\/\/amqg-aufg.org\/wp-content\/uploads\/2025\/09\/soutien-trans-parents-1500x1000.jpg 1500w, https:\/\/amqg-aufg.org\/wp-content\/uploads\/2025\/09\/soutien-trans-parents-705x470.jpg 705w, https:\/\/amqg-aufg.org\/wp-content\/uploads\/2025\/09\/soutien-trans-parents-1320x880.jpg 1320w\" sizes=\"(max-width: 1800px) 100vw, 1800px\" \/><\/div><\/div><\/div><br \/>\n\n<style type=\"text\/css\" data-created_by=\"avia_inline_auto\" id=\"style-css-av-2ag5w8-45b67cb67d053aa86961fb886bb2b443\">\n#top .av_textblock_section.av-2ag5w8-45b67cb67d053aa86961fb886bb2b443 .avia_textblock{\nfont-size:12px;\n}\n<\/style>\n<section  class='av_textblock_section av-2ag5w8-45b67cb67d053aa86961fb886bb2b443 '   itemscope=\"itemscope\" itemtype=\"https:\/\/schema.org\/CreativeWork\" ><div class='avia_textblock'  itemprop=\"text\" ><p><em>Quelle: Shutterstock<\/em><\/p>\n<div class=\"ContentCaption_contentcredit__zUOv5 ContentCaption_width__xf6My\"><\/div>\n<\/div><\/section><\/p>\n<\/div><\/div>\n<style type=\"text\/css\" data-created_by=\"avia_inline_auto\" id=\"style-css-av-cqayg-970078507c375417dcdc87beaa075d2c\">\n.flex_cell.av-cqayg-970078507c375417dcdc87beaa075d2c{\nvertical-align:middle;\nbackground-color:#f2f2f2;\n}\n.responsive #top #wrap_all .flex_cell.av-cqayg-970078507c375417dcdc87beaa075d2c{\npadding:15px 30px 15px 30px !important;\n}\n<\/style>\n<div class='flex_cell av-cqayg-970078507c375417dcdc87beaa075d2c av-gridrow-cell av_one_third no_margin  avia-builder-el-40  el_after_av_cell_one_third  el_before_av_cell_one_third  content-align-middle'  ><div class='flex_cell_inner'>\n<style type=\"text\/css\" data-created_by=\"avia_inline_auto\" id=\"style-css-av-2ruvmg-4bb1fb8953c67e2a74383632d7ae33f8\">\n.flex_column.av-2ruvmg-4bb1fb8953c67e2a74383632d7ae33f8{\npadding:30px 30px 30px 30px;\n}\n<\/style>\n<div  class='flex_column av-2ruvmg-4bb1fb8953c67e2a74383632d7ae33f8 av_one_full  avia-builder-el-41  avia-builder-el-no-sibling  first flex_column_div av-animated-generic pop-up  '     ><p>\n<style type=\"text\/css\" data-created_by=\"avia_inline_auto\" id=\"style-css-av-megqk440-6afc342f40808c4fa95ae29ff4a01a94\">\n#top .av-special-heading.av-megqk440-6afc342f40808c4fa95ae29ff4a01a94{\npadding-bottom:10px;\n}\nbody .av-special-heading.av-megqk440-6afc342f40808c4fa95ae29ff4a01a94 .av-special-heading-tag .heading-char{\nfont-size:25px;\n}\n.av-special-heading.av-megqk440-6afc342f40808c4fa95ae29ff4a01a94 .av-subheading{\nfont-size:15px;\n}\n<\/style>\n<div  class='av-special-heading av-megqk440-6afc342f40808c4fa95ae29ff4a01a94 av-special-heading-h2 blockquote modern-quote modern-centered  avia-builder-el-42  el_before_av_textblock  avia-builder-el-first '><h2 class='av-special-heading-tag '  itemprop=\"headline\"  >Sind Sie betroffene Eltern?<\/h2><div class=\"special-heading-border\"><div class=\"special-heading-inner-border\"><\/div><\/div><\/div><br \/>\n<section  class='av_textblock_section av-megqmxoe-aa23d91757c9f83cc4494ab315c311a3 '   itemscope=\"itemscope\" itemtype=\"https:\/\/schema.org\/CreativeWork\" ><div class='avia_textblock'  itemprop=\"text\" ><section class=\"av_textblock_section av-megu6hec-58d40807843b1ad4204d33e8778376a8 \">\n<div class=\"avia_textblock\">\n<p>Wir empfehlen Ihnen, sich mit anderen betroffenen Eltern zu vernetzen, damit Sie sich mit Ihren Sorgen nicht allein f\u00fchlen. Es ist wichtig, gut informiert zu sein, aber \u00fcberm\u00e4\u00dfiges Engagement kann belastend sein.  Passen Sie auf sich auf, gehen Sie sorgsam mit Ihrer Energie um und lassen Sie sich nicht entmutigen. Das Wichtigste ist, eine starke Beziehung zu Ihrem Kind oder Jugendlichen aufrechtzuerhalten.<\/p>\n<\/div>\n<p>Eltern, die mit Geschlechtsfragen ihres Kindes konfrontiert sind, k\u00f6nnen die AMQG kontaktieren, um Unterst\u00fctzung zu erhalten.<\/p>\n<p>Der Verein stellt verl\u00e4ssliche und aktuelle Informationen zur Verf\u00fcgung zu Geschlechtsfragen, m\u00f6glichen Wegen sowie medizinischen, psychologischen und sozialen Aspekten.<\/p>\n<div class=\"avia_textblock\">\n<\/div>\n<\/section>\n<\/div><\/section><br \/>\n<div  class='avia-button-wrap av-mh88htp9-891622ba19b4d2bb0c2bcf3a5b3219de-wrap avia-button-center  avia-builder-el-44  el_after_av_textblock  avia-builder-el-last '><a href='https:\/\/amqg-aufg.org\/de\/2025\/08\/18\/wie-geht-man-mit-geschlechtsdysphorie-bei-kindern-um\/'  class='avia-button av-mh88htp9-891622ba19b4d2bb0c2bcf3a5b3219de av-link-btn avia-icon_select-no avia-size-small avia-position-center avia-color-theme-color'   aria-label=\"Ratschl\u00e4ge f\u00fcr Eltern\"><span class='avia_iconbox_title' >Ratschl\u00e4ge f\u00fcr Eltern<\/span><\/a><\/div><\/p><\/div>\n<\/div><\/div>\n<style type=\"text\/css\" data-created_by=\"avia_inline_auto\" id=\"style-css-av-2gwxiw-4fca9bcdc6d237d5c7d5bc73a67c5a72\">\n.flex_cell.av-2gwxiw-4fca9bcdc6d237d5c7d5bc73a67c5a72{\nvertical-align:top;\n}\n<\/style>\n<div class='flex_cell av-2gwxiw-4fca9bcdc6d237d5c7d5bc73a67c5a72 av-gridrow-cell av_one_third no_margin  avia-builder-el-45  el_after_av_cell_one_third  avia-builder-el-last  content-align-top'  ><div class='flex_cell_inner'><section  class='av_textblock_section av-mh88vdz2-d52d8edd3cb841a66d9b752905255da7 '   itemscope=\"itemscope\" itemtype=\"https:\/\/schema.org\/CreativeWork\" ><div class='avia_textblock'  itemprop=\"text\" ><p><strong>Unser Verein organisiert vier bis sechs Treffen pro Jahr in Z\u00fcrich und acht in Genf und Lausanne, die von betroffenen Eltern geleitet werden.<\/strong><\/p>\n<p>Sie bieten einen sicheren und vertraulichen Raum, um ihre Sorgen auszudr\u00fccken, Erfahrungen auszutauschen und Fragen an Fachleute, erfahrene Eltern oder junge Menschen zu stellen, die diese Fragestellungen durchlebt haben.<\/p>\n<p>Diese Treffen f\u00f6rdern die gegenseitige Unterst\u00fctzung, erm\u00f6glichen ein besseres Verst\u00e4ndnis der Bed\u00fcrfnisse des eigenen Kindes und helfen, medizinische und p\u00e4dagogische Entscheidungen fundiert anzugehen, wobei die famili\u00e4re Bindung erhalten und Isolation vermieden wird.<\/p>\n<div class=\"avia_textblock\">\n<p>Unsere Jugendlichen und jungen Erwachsenen befinden sich in verschiedenen Phasen ihres \u201eTransitions\u201c-Weges; einige beantragen oder haben beantragt, ihren Vornamen zu \u00e4ndern (soziale Transition), andere haben einen Antrag beim Standesamt gestellt, wieder andere haben eine Medikation begonnen (Pubert\u00e4tsblocker, Hormone und\/oder Operationen).<\/p>\n<p>Seit der Gr\u00fcndung des Vereins hat ein Drittel der Kinder von Mitgliedseltern \u201eabgebrochen\u201c oder \u201edetransitioniert\u201c, das hei\u00dft, sie haben sich mit ihrem Geschlecht vers\u00f6hnt.<\/p>\n<p>Bei Interesse k\u00f6nnen Sie uns gerne per E-Mail kontaktieren unter <a href=\"mailto:eltern@amqg.ch\">eltern@amqg.ch<\/a> (Z\u00fcrich) und <a href=\"mailto:parents@amqg.ch\">parents@amqg.ch<\/a> (Gen\u00e8ve et Lausanne). Nous prendrons contact avec vous.<\/p>\n<p><strong>M\u00f6chten Sie Ihre Geschichte teilen? <a href=\"mailto:%20info@aufg.ch\">Kontaktieren Sie uns<\/a>.<\/strong><\/p>\n<\/div>\n<\/div><\/section>\n<\/div><\/div>\n<\/div>\n","protected":false},"excerpt":{"rendered":"","protected":false},"author":2,"featured_media":0,"parent":0,"menu_order":0,"comment_status":"closed","ping_status":"closed","template":"","meta":{"footnotes":""},"class_list":["post-3375","page","type-page","status-publish","hentry"],"yoast_head":"<!-- This site is optimized with the Yoast SEO plugin v27.1.1 - https:\/\/yoast.com\/product\/yoast-seo-wordpress\/ -->\n<title>Elternunterst\u00fctzung - AUFG - Verein f\u00fcr einen angemessenen Umgang mit Geschlechterfragen bei jungen Menschen<\/title>\n<meta name=\"description\" content=\"Wenn die Schweizer Medizin die schnelle Transition von Jugendlichen f\u00f6rdert, ohne die Ursachen der Dysphorie zu erforschen und die Rolle der Eltern zu marginalisieren.\" \/>\n<meta name=\"robots\" content=\"index, follow, max-snippet:-1, max-image-preview:large, max-video-preview:-1\" \/>\n<link rel=\"canonical\" href=\"https:\/\/amqg-aufg.org\/de\/elternunterstuetzung\/\" \/>\n<meta property=\"og:locale\" content=\"de_DE\" \/>\n<meta property=\"og:type\" content=\"article\" \/>\n<meta property=\"og:title\" content=\"Elternunterst\u00fctzung - AUFG - Verein f\u00fcr einen angemessenen Umgang mit Geschlechterfragen bei jungen Menschen\" \/>\n<meta property=\"og:description\" content=\"Wenn die Schweizer Medizin die schnelle Transition von Jugendlichen f\u00f6rdert, ohne die Ursachen der Dysphorie zu erforschen und die Rolle der Eltern zu marginalisieren.\" \/>\n<meta property=\"og:url\" content=\"https:\/\/amqg-aufg.org\/de\/elternunterstuetzung\/\" \/>\n<meta property=\"og:site_name\" content=\"AUFG - Verein f\u00fcr einen angemessenen Umgang mit Geschlechterfragen bei jungen Menschen\" \/>\n<meta property=\"article:modified_time\" content=\"2025-12-03T10:52:05+00:00\" \/>\n<meta name=\"twitter:card\" content=\"summary_large_image\" \/>\n<script type=\"application\/ld+json\" class=\"yoast-schema-graph\">{\"@context\":\"https:\/\/schema.org\",\"@graph\":[{\"@type\":\"WebPage\",\"@id\":\"https:\/\/amqg-aufg.org\/de\/elternunterstuetzung\/\",\"url\":\"https:\/\/amqg-aufg.org\/de\/elternunterstuetzung\/\",\"name\":\"Elternunterst\u00fctzung - AUFG - Verein f\u00fcr einen angemessenen Umgang mit Geschlechterfragen bei jungen Menschen\",\"isPartOf\":{\"@id\":\"https:\/\/amqg-aufg.org\/de\/#website\"},\"datePublished\":\"2023-02-13T13:56:59+00:00\",\"dateModified\":\"2025-12-03T10:52:05+00:00\",\"description\":\"Wenn die Schweizer Medizin die schnelle Transition von Jugendlichen f\u00f6rdert, ohne die Ursachen der Dysphorie zu erforschen und die Rolle der Eltern zu marginalisieren.\",\"breadcrumb\":{\"@id\":\"https:\/\/amqg-aufg.org\/de\/elternunterstuetzung\/#breadcrumb\"},\"inLanguage\":\"de\",\"potentialAction\":[{\"@type\":\"ReadAction\",\"target\":[\"https:\/\/amqg-aufg.org\/de\/elternunterstuetzung\/\"]}]},{\"@type\":\"BreadcrumbList\",\"@id\":\"https:\/\/amqg-aufg.org\/de\/elternunterstuetzung\/#breadcrumb\",\"itemListElement\":[{\"@type\":\"ListItem\",\"position\":1,\"name\":\"Accueil\",\"item\":\"https:\/\/amqg-aufg.org\/de\/\"},{\"@type\":\"ListItem\",\"position\":2,\"name\":\"Elternunterst\u00fctzung\"}]},{\"@type\":\"WebSite\",\"@id\":\"https:\/\/amqg-aufg.org\/de\/#website\",\"url\":\"https:\/\/amqg-aufg.org\/de\/\",\"name\":\"AUFG - Verein f\u00fcr einen angemessenen Umgang mit Geschlechterfragen bei jungen Menschen\",\"description\":\"Sektion Deutschschweiz\",\"potentialAction\":[{\"@type\":\"SearchAction\",\"target\":{\"@type\":\"EntryPoint\",\"urlTemplate\":\"https:\/\/amqg-aufg.org\/de\/?s={search_term_string}\"},\"query-input\":{\"@type\":\"PropertyValueSpecification\",\"valueRequired\":true,\"valueName\":\"search_term_string\"}}],\"inLanguage\":\"de\"}]}<\/script>\n<!-- \/ Yoast SEO plugin. -->","yoast_head_json":{"title":"Elternunterst\u00fctzung - AUFG - Verein f\u00fcr einen angemessenen Umgang mit Geschlechterfragen bei jungen Menschen","description":"Wenn die Schweizer Medizin die schnelle Transition von Jugendlichen f\u00f6rdert, ohne die Ursachen der Dysphorie zu erforschen und die Rolle der Eltern zu marginalisieren.","robots":{"index":"index","follow":"follow","max-snippet":"max-snippet:-1","max-image-preview":"max-image-preview:large","max-video-preview":"max-video-preview:-1"},"canonical":"https:\/\/amqg-aufg.org\/de\/elternunterstuetzung\/","og_locale":"de_DE","og_type":"article","og_title":"Elternunterst\u00fctzung - AUFG - Verein f\u00fcr einen angemessenen Umgang mit Geschlechterfragen bei jungen Menschen","og_description":"Wenn die Schweizer Medizin die schnelle Transition von Jugendlichen f\u00f6rdert, ohne die Ursachen der Dysphorie zu erforschen und die Rolle der Eltern zu marginalisieren.","og_url":"https:\/\/amqg-aufg.org\/de\/elternunterstuetzung\/","og_site_name":"AUFG - Verein f\u00fcr einen angemessenen Umgang mit Geschlechterfragen bei jungen Menschen","article_modified_time":"2025-12-03T10:52:05+00:00","twitter_card":"summary_large_image","schema":{"@context":"https:\/\/schema.org","@graph":[{"@type":"WebPage","@id":"https:\/\/amqg-aufg.org\/de\/elternunterstuetzung\/","url":"https:\/\/amqg-aufg.org\/de\/elternunterstuetzung\/","name":"Elternunterst\u00fctzung - AUFG - Verein f\u00fcr einen angemessenen Umgang mit Geschlechterfragen bei jungen Menschen","isPartOf":{"@id":"https:\/\/amqg-aufg.org\/de\/#website"},"datePublished":"2023-02-13T13:56:59+00:00","dateModified":"2025-12-03T10:52:05+00:00","description":"Wenn die Schweizer Medizin die schnelle Transition von Jugendlichen f\u00f6rdert, ohne die Ursachen der Dysphorie zu erforschen und die Rolle der Eltern zu marginalisieren.","breadcrumb":{"@id":"https:\/\/amqg-aufg.org\/de\/elternunterstuetzung\/#breadcrumb"},"inLanguage":"de","potentialAction":[{"@type":"ReadAction","target":["https:\/\/amqg-aufg.org\/de\/elternunterstuetzung\/"]}]},{"@type":"BreadcrumbList","@id":"https:\/\/amqg-aufg.org\/de\/elternunterstuetzung\/#breadcrumb","itemListElement":[{"@type":"ListItem","position":1,"name":"Accueil","item":"https:\/\/amqg-aufg.org\/de\/"},{"@type":"ListItem","position":2,"name":"Elternunterst\u00fctzung"}]},{"@type":"WebSite","@id":"https:\/\/amqg-aufg.org\/de\/#website","url":"https:\/\/amqg-aufg.org\/de\/","name":"AUFG - Verein f\u00fcr einen angemessenen Umgang mit Geschlechterfragen bei jungen Menschen","description":"Sektion Deutschschweiz","potentialAction":[{"@type":"SearchAction","target":{"@type":"EntryPoint","urlTemplate":"https:\/\/amqg-aufg.org\/de\/?s={search_term_string}"},"query-input":{"@type":"PropertyValueSpecification","valueRequired":true,"valueName":"search_term_string"}}],"inLanguage":"de"}]}},"_links":{"self":[{"href":"https:\/\/amqg-aufg.org\/de\/wp-json\/wp\/v2\/pages\/3375","targetHints":{"allow":["GET"]}}],"collection":[{"href":"https:\/\/amqg-aufg.org\/de\/wp-json\/wp\/v2\/pages"}],"about":[{"href":"https:\/\/amqg-aufg.org\/de\/wp-json\/wp\/v2\/types\/page"}],"author":[{"embeddable":true,"href":"https:\/\/amqg-aufg.org\/de\/wp-json\/wp\/v2\/users\/2"}],"replies":[{"embeddable":true,"href":"https:\/\/amqg-aufg.org\/de\/wp-json\/wp\/v2\/comments?post=3375"}],"version-history":[{"count":19,"href":"https:\/\/amqg-aufg.org\/de\/wp-json\/wp\/v2\/pages\/3375\/revisions"}],"predecessor-version":[{"id":4339,"href":"https:\/\/amqg-aufg.org\/de\/wp-json\/wp\/v2\/pages\/3375\/revisions\/4339"}],"wp:attachment":[{"href":"https:\/\/amqg-aufg.org\/de\/wp-json\/wp\/v2\/media?parent=3375"}],"curies":[{"name":"wp","href":"https:\/\/api.w.org\/{rel}","templated":true}]}}